{"id":228,"date":"2020-10-22T05:43:44","date_gmt":"2020-10-22T05:43:44","guid":{"rendered":"http:\/\/webnixinfotech.com\/?page_id=228"},"modified":"2021-05-06T16:59:41","modified_gmt":"2021-05-06T16:59:41","slug":"ath46-1964","status":"publish","type":"page","link":"https:\/\/athenaeum.unipv.it\/index.php\/ath46-1964\/","title":{"rendered":"ATH46-1964"},"content":{"rendered":"<div id=\"pl-228\"  class=\"panel-layout\" ><div id=\"pg-228-0\"  class=\"panel-grid panel-no-style\" ><div id=\"pgc-228-0-0\"  class=\"panel-grid-cell\" ><div id=\"panel-228-0-0-0\" class=\"so-panel widget widget_sow-editor panel-first-child panel-last-child\" data-index=\"0\" ><div id=\"none-break\" class=\"panel-widget-style panel-widget-style-for-228-0-0-0\" ><div\n\t\t\t\n\t\t\tclass=\"so-widget-sow-editor so-widget-sow-editor-base\"\n\t\t\t\n\t\t>\n<div class=\"siteorigin-widget-tinymce textwidget\">\n\t<div class=\"Section1\">\n<p style=\"text-align: center;\"><strong>Indice generale di athenaeum 52 (1964)<\/strong><\/p>\n<p>&nbsp;<\/p>\n<h3 style=\"margin-left: 18.0pt; text-indent: -18.0pt;\"><span style=\"font-size: 12.0pt;\"><a name=\"art1\"><\/a>Articoli<\/span><\/h3>\n<p class=\"MsoNormal\" style=\"mso-margin-top-alt: auto; mso-margin-bottom-alt: auto; margin-left: 14.2pt; text-indent: -14.2pt; mso-pagination: widow-orphan;\"><span style=\"font-size: 12.0pt; font-family: 'Times New Roman';\">V.E. ALFIERI, <i>La<br \/>\npedagogia di Quintiliano<\/i><\/span><\/p>\n<p class=\"MsoNormal\" style=\"mso-margin-top-alt: auto; mso-margin-bottom-alt: auto; margin-left: 14.2pt; text-indent: -14.2pt; mso-pagination: widow-orphan;\"><span style=\"font-size: 12.0pt; font-family: 'Times New Roman';\">L. ALFONSI, <i>Studi<br \/>\nsull<\/i>'Hortensius<i> di Cicerone<\/i><\/span><\/p>\n<p class=\"MsoNormal\" style=\"mso-margin-top-alt: auto; mso-margin-bottom-alt: auto; margin-left: 14.2pt; text-indent: -14.2pt; mso-pagination: widow-orphan;\"><span lang=\"EN-GB\" style=\"font-size: 12.0pt; font-family: 'Times New Roman'; mso-ansi-language: EN-GB;\">E. BADIAN, <i>Where was Sisenna?<\/i><\/span><\/p>\n<p class=\"MsoNormal\" style=\"mso-margin-top-alt: auto; mso-margin-bottom-alt: auto; margin-left: 14.2pt; text-align: justify; text-indent: -14.2pt; mso-pagination: widow-orphan;\"><span style=\"font-size: 12.0pt; font-family: 'Times New Roman';\">A. BARIGAZZI, <i>Su due<br \/>\nepigrammi di Domizio Marso<\/i><\/span><\/p>\n<p class=\"MsoNormal\" style=\"mso-margin-top-alt: auto; mso-margin-bottom-alt: auto; margin-left: 14.2pt; text-align: justify; text-indent: -14.2pt; mso-pagination: widow-orphan;\"><span style=\"font-size: 12.0pt; font-family: 'Times New Roman';\">A. BERNARDI, <i>Dai <\/i>Populi<i><br \/>\n<\/i>Albenses<i> ai<\/i> Prisci<i> <\/i>Latini<i> nel Lazio arcaico<\/i><\/span><\/p>\n<p class=\"MsoNormal\" style=\"mso-margin-top-alt: auto; mso-margin-bottom-alt: auto; margin-left: 14.2pt; text-align: justify; text-indent: -14.2pt; mso-pagination: widow-orphan;\"><span style=\"font-size: 12.0pt; font-family: 'Times New Roman';\">O. CARRUBA, <i>Ahhijawa<br \/>\ne altri nomi di popoli e di paesi dell'Anatolia occidentale<\/i><\/span><\/p>\n<p class=\"MsoNormal\" style=\"mso-margin-top-alt: auto; mso-margin-bottom-alt: auto; margin-left: 14.2pt; text-align: justify; text-indent: -14.2pt; mso-pagination: widow-orphan;\"><span style=\"font-size: 12.0pt; font-family: 'Times New Roman';\">I. CAZZANIGA, <i>Osservazioni<br \/>\ncritiche intorno a P. Oxy. 466 e 2221, I, 26<\/i><\/span><\/p>\n<p class=\"MsoNormal\" style=\"mso-margin-top-alt: auto; mso-margin-bottom-alt: auto; margin-left: 14.2pt; text-indent: -14.2pt; mso-pagination: widow-orphan;\"><span style=\"font-size: 12.0pt; font-family: 'Times New Roman';\">A. CERRI. <i>Aspetti<\/i><br \/>\n<i>di polemica antimitologica e di composizione poetica in Prudenzio<\/i><\/span><\/p>\n<p class=\"MsoNormal\" style=\"mso-margin-top-alt: auto; mso-margin-bottom-alt: auto; margin-left: 14.2pt; text-align: justify; text-indent: -14.2pt; mso-pagination: widow-orphan;\"><span style=\"font-size: 12.0pt; font-family: 'Times New Roman';\">L. DE CARO, <i>Premessa<\/i><\/span><\/p>\n<p class=\"MsoNormal\" style=\"mso-margin-top-alt: auto; mso-margin-bottom-alt: auto; margin-left: 14.2pt; text-indent: -14.2pt; mso-pagination: widow-orphan;\"><span style=\"font-size: 12.0pt; font-family: 'Times New Roman';\">A. DEGRASSI, <i>Una<\/i> <i>dedica<br \/>\ndegli Augustali brindisini a Tiberio<\/i><\/span><\/p>\n<p class=\"MsoNormal\" style=\"mso-margin-top-alt: auto; mso-margin-bottom-alt: auto; margin-left: 14.2pt; text-align: justify; text-indent: -14.2pt; mso-pagination: widow-orphan;\"><span style=\"font-size: 12.0pt; font-family: 'Times New Roman';\">G. DEVOTO, <i>Victima<\/i><\/span><\/p>\n<p class=\"MsoNormal\" style=\"mso-margin-top-alt: auto; mso-margin-bottom-alt: auto; margin-left: 14.2pt; text-align: justify; text-indent: -14.2pt; mso-pagination: widow-orphan;\"><span style=\"font-size: 12.0pt; font-family: 'Times New Roman';\">P. FRASSINETTI, <i>Recenti<br \/>\ncontributi sulla <\/i><span style=\"mso-bidi-font-style: italic;\">gn\u014dsis the\u014dn<i><br \/>\nin Epicuro<\/i><\/span><\/span><\/p>\n<p class=\"MsoNormal\" style=\"mso-margin-top-alt: auto; mso-margin-bottom-alt: auto; margin-left: 14.2pt; text-indent: -14.2pt; mso-pagination: widow-orphan;\"><span style=\"font-size: 12.0pt; font-family: 'Times New Roman';\">E. GABBA, <i>Studi su<br \/>\nDionigi d'Alicarnasso, III: La proposta di legge agraria di Spurio Cassio<\/i><\/span><\/p>\n<p class=\"MsoNormal\" style=\"mso-margin-top-alt: auto; mso-margin-bottom-alt: auto; margin-left: 14.2pt; text-align: justify; text-indent: -14.2pt; mso-pagination: widow-orphan; tab-stops: 310.5pt;\"><span style=\"font-size: 12.0pt; font-family: 'Times New Roman';\">A.<br \/>\nGARZETTI, <i>Floro e l'et\u00e0 adrianea<\/i><span style=\"mso-tab-count: 1;\">\u00a0\u00a0\u00a0\u00a0\u00a0\u00a0\u00a0\u00a0\u00a0\u00a0\u00a0\u00a0\u00a0\u00a0\u00a0\u00a0\u00a0\u00a0\u00a0\u00a0\u00a0\u00a0\u00a0\u00a0\u00a0\u00a0\u00a0\u00a0\u00a0\u00a0\u00a0\u00a0\u00a0\u00a0\u00a0\u00a0\u00a0\u00a0\u00a0\u00a0\u00a0\u00a0\u00a0 <\/span><\/span><\/p>\n<p class=\"MsoNormal\" style=\"mso-margin-top-alt: auto; mso-margin-bottom-alt: auto; margin-left: 14.2pt; text-indent: -14.2pt; mso-pagination: widow-orphan; tab-stops: right 16.0cm;\"><span lang=\"EN-GB\" style=\"font-size: 12.0pt; font-family: 'Times New Roman'; mso-ansi-language: EN-GB;\">A. GRISART, <i>Asinius Pollion commentateur de Virgile<\/i><\/span><\/p>\n<p class=\"MsoNormal\" style=\"mso-margin-top-alt: auto; mso-margin-bottom-alt: auto; margin-left: 14.2pt; text-indent: -14.2pt; mso-pagination: widow-orphan;\"><span style=\"font-size: 12.0pt; font-family: 'Times New Roman';\">J. HEURGON, <i>L.<\/i> <i>Cincius<br \/>\net la loi du<\/i> clavus<i> <\/i>annalis<b><i><\/i><\/b><\/span><\/p>\n<p class=\"MsoNormal\" style=\"mso-margin-top-alt: auto; mso-margin-bottom-alt: auto; margin-left: 14.2pt; text-align: justify; text-indent: -14.2pt; mso-pagination: widow-orphan;\"><span lang=\"EN-GB\" style=\"font-size: 12.0pt; font-family: 'Times New Roman'; mso-ansi-language: EN-GB;\">G. JACHMANN, <i>Nota Plautina<\/i><\/span><\/p>\n<p class=\"MsoNormal\" style=\"mso-margin-top-alt: auto; mso-margin-bottom-alt: auto; margin-left: 14.2pt; text-indent: -14.2pt; mso-pagination: widow-orphan;\"><span lang=\"EN-GB\" style=\"font-size: 12.0pt; font-family: 'Times New Roman'; mso-ansi-language: EN-GB;\">J. JRMSCHER, <i>Volkslieder des griechischen Widerstandes?<\/i><\/span><\/p>\n<p class=\"MsoNormal\" style=\"mso-margin-top-alt: auto; mso-margin-bottom-alt: auto; margin-left: 14.2pt; text-indent: -14.2pt; mso-pagination: widow-orphan;\"><span style=\"font-size: 12.0pt; font-family: 'Times New Roman';\">C.F. KUMANIECKI, <i>Notulae<br \/>\nCriticae in Ciceronis libros<\/i> De Oratore<\/span><\/p>\n<p class=\"MsoNormal\" style=\"mso-margin-top-alt: auto; mso-margin-bottom-alt: auto; margin-left: 14.2pt; text-indent: -14.2pt; mso-pagination: widow-orphan;\"><span style=\"font-size: 12.0pt; font-family: 'Times New Roman';\">D. LANZA, <i>Anassagora <\/i><\/span><span style=\"font-size: 12.0pt; font-family: 'Times New Roman'; mso-fareast-font-family: Batang;\">mala philosophos<\/span><i><\/i><\/p>\n<p class=\"MsoNormal\" style=\"mso-margin-top-alt: auto; mso-margin-bottom-alt: auto; margin-left: 14.2pt; text-indent: -14.2pt; mso-pagination: widow-orphan;\"><span style=\"font-size: 12.0pt; font-family: 'Times New Roman';\">G.A. MANSUELLI, <i>Novios<br \/>\nPlautios med Romai fecid <\/i><\/span><\/p>\n<p class=\"MsoNormal\" style=\"mso-margin-top-alt: auto; mso-margin-bottom-alt: auto; margin-left: 14.2pt; text-align: justify; text-indent: -14.2pt; mso-pagination: widow-orphan;\"><span style=\"font-size: 12.0pt; font-family: 'Times New Roman';\">G. MAZZOLI, <i>Il<br \/>\nframmento enniano<\/i> laus alit<b> <\/b>artis <i>e il proemio al XVI libro<\/i> <i>degli<\/i><br \/>\nAnnales<b><i><\/i><\/b><\/span><\/p>\n<p class=\"MsoNormal\" style=\"mso-margin-top-alt: auto; mso-margin-bottom-alt: auto; margin-left: 14.2pt; text-align: justify; text-indent: -14.2pt; mso-pagination: widow-orphan;\"><span style=\"font-size: 12.0pt; font-family: 'Times New Roman';\">P. MERIGGI, <i>Una prima<br \/>\nattestazione epicorica dei Moschi in Frigia<\/i><\/span><\/p>\n<p class=\"MsoNormal\" style=\"mso-margin-top-alt: auto; mso-margin-bottom-alt: auto; margin-left: 14.2pt; text-align: justify; text-indent: -14.2pt; mso-pagination: widow-orphan;\"><span style=\"font-size: 12.0pt; font-family: 'Times New Roman';\">A. MOMIGLIANO, <i>Enrico<br \/>\nCaiado e la falsificazione di C. I. L. II, 30*<\/i><\/span><\/p>\n<p class=\"MsoNormal\" style=\"mso-margin-top-alt: auto; mso-margin-bottom-alt: auto; margin-left: 14.2pt; text-indent: -14.2pt; mso-pagination: widow-orphan;\"><span style=\"font-size: 12.0pt; font-family: 'Times New Roman';\">E. PARATORE, <i>I \u00abcholiambi\u00bb,<br \/>\nla prima e la quinta satira di Persio <\/i><\/span><\/p>\n<p class=\"MsoNormal\" style=\"mso-margin-top-alt: auto; mso-margin-bottom-alt: auto; margin-left: 14.2pt; text-align: justify; text-indent: -14.2pt; mso-pagination: widow-orphan;\"><span style=\"font-size: 12.0pt; font-family: 'Times New Roman';\">V. PISANI, <i>Due<br \/>\netimologie latine<\/i><\/span><\/p>\n<p class=\"MsoNormal\" style=\"mso-margin-top-alt: auto; mso-margin-bottom-alt: auto; margin-left: 14.2pt; text-align: justify; text-indent: -14.2pt; mso-pagination: widow-orphan;\"><span style=\"font-size: 12.0pt; font-family: 'Times New Roman';\">E.T. SALMON, <i>Sulla<br \/>\nRedux<\/i><\/span><\/p>\n<p class=\"MsoNormal\" style=\"mso-margin-top-alt: auto; mso-margin-bottom-alt: auto; margin-left: 14.2pt; text-align: justify; text-indent: -14.2pt; mso-pagination: widow-orphan;\"><span style=\"font-size: 12.0pt; font-family: 'Times New Roman';\">P. SARTORI, <i>Colonia<br \/>\nAugusta Verona Nova Gallieniana<\/i><\/span><\/p>\n<p class=\"MsoNormal\" style=\"mso-margin-top-alt: auto; mso-margin-bottom-alt: auto; margin-left: 14.2pt; text-align: justify; text-indent: -14.2pt; mso-pagination: widow-orphan;\"><span style=\"font-size: 12.0pt; font-family: 'Times New Roman';\">M. SORDI, <i>Virgilio e<br \/>\nla storia romana del IV secolo a.C.<\/i><\/span><\/p>\n<p class=\"MsoNormal\" style=\"mso-margin-top-alt: auto; mso-margin-bottom-alt: auto; margin-left: 14.2pt; text-align: justify; text-indent: -14.2pt; mso-pagination: widow-orphan;\"><span style=\"font-size: 12.0pt; font-family: 'Times New Roman';\">A. STENICO, <i>Coppa<br \/>\nd'argento al Museo Civico di Pavia<\/i><\/span><\/p>\n<p class=\"MsoNormal\" style=\"mso-margin-top-alt: auto; mso-margin-bottom-alt: auto; margin-left: 14.2pt; text-indent: -14.2pt; mso-pagination: widow-orphan;\"><span lang=\"EN-GB\" style=\"font-size: 12.0pt; font-family: 'Times New Roman'; mso-ansi-language: EN-GB;\">L.R. TAYLOR, <i>Magistrates of 55 B. C. in Cicero's <\/i>Pro<i> <\/i>Plancio<br \/>\n<i>and Catullus 52<\/i><\/span><\/p>\n<p class=\"MsoNormal\" style=\"mso-margin-top-alt: auto; mso-margin-bottom-alt: auto; margin-left: 14.2pt; text-indent: -14.2pt; mso-pagination: widow-orphan;\"><span style=\"font-size: 12.0pt; font-family: 'Times New Roman';\">G. TIBILETTI, <i>Ticinum<br \/>\ne la Valle Padana<\/i><\/span><\/p>\n<p class=\"MsoNormal\" style=\"mso-margin-top-alt: auto; mso-margin-bottom-alt: auto; margin-left: 14.2pt; text-align: justify; text-indent: -14.2pt; mso-pagination: widow-orphan;\"><span style=\"font-size: 12.0pt; font-family: 'Times New Roman';\">M.G. TIBILETTI BRUNO, <i>Note<br \/>\nLeponzio\u2011Liguri<\/i><\/span><\/p>\n<p class=\"MsoNormal\" style=\"mso-margin-top-alt: auto; mso-margin-bottom-alt: auto; margin-left: 14.2pt; text-align: justify; text-indent: -14.2pt; mso-pagination: widow-orphan;\"><span style=\"font-size: 12.0pt; font-family: 'Times New Roman';\">P. TOZZI, <i>Studi su<br \/>\nEcateo di Mileto, III: Lingua e stile di Ecateo Milesio<\/i><\/span><\/p>\n<p class=\"MsoNormal\" style=\"mso-margin-top-alt: auto; mso-margin-bottom-alt: auto; margin-left: 14.2pt; text-align: justify; text-indent: -14.2pt; mso-pagination: widow-orphan;\"><span style=\"font-size: 12.0pt; font-family: 'Times New Roman';\">I. TRENCS\u00c9NYI\u2011WALDAPFEL,<br \/>\n<i>Calvus ex Nanneianis (di un luogo poco chiaro dell'Epistolario Ciceroniano)<\/i><\/span><\/p>\n<p class=\"MsoNormal\" style=\"mso-margin-top-alt: auto; mso-margin-bottom-alt: auto; margin-left: 14.2pt; text-align: justify; text-indent: -14.2pt; mso-pagination: widow-orphan;\"><span style=\"font-size: 12.0pt; font-family: 'Times New Roman';\">M. VANDONI, <i>Ricevuta<br \/>\ndi canoni d'affitto<\/i><\/span><\/p>\n<p class=\"MsoNormal\" style=\"mso-margin-top-alt: auto; mso-margin-bottom-alt: auto; margin-left: 14.2pt; text-indent: -14.2pt; mso-pagination: widow-orphan;\"><span style=\"font-size: 12.0pt; font-family: 'Times New Roman';\">P. VENINI, Furor <i>e<br \/>\npsicologia nella Tebaide di Stazio<\/i><\/span><\/p>\n<p class=\"MsoNormal\" style=\"mso-margin-top-alt: auto; mso-margin-bottom-alt: auto; margin-left: 14.2pt; text-indent: -14.2pt; mso-pagination: widow-orphan;\"><i><span style=\"font-size: 12.0pt; font-family: 'Times New Roman';\">\u00a0<\/span><\/i><\/p>\n<p class=\"MsoNormal\" style=\"mso-margin-top-alt: auto; mso-margin-bottom-alt: auto; margin-left: 14.2pt; text-indent: -14.2pt; mso-pagination: widow-orphan;\"><i><span style=\"font-size: 12.0pt; font-family: 'Times New Roman';\">\u00a0<\/span><\/i><\/p>\n<h3 style=\"margin-left: 18.0pt; text-indent: -18.0pt;\"><span style=\"font-size: 12.0pt;\"><a name=\"art1\"><\/a>Recensioni<\/span><\/h3>\n<p class=\"MsoNormal\" style=\"mso-margin-top-alt: auto; mso-margin-bottom-alt: auto; margin-left: 14.2pt; text-align: justify; text-indent: -14.2pt; mso-pagination: widow-orphan;\"><span style=\"font-size: 12.0pt; font-family: 'Times New Roman';\">L. HEILMANN, <i>Grammatica<br \/>\nstorica della lingua greca<\/i> (A. Barigazzi)<\/span><\/p>\n<p class=\"MsoNormal\" style=\"mso-margin-top-alt: auto; mso-margin-bottom-alt: auto; margin-left: 14.2pt; text-align: justify; text-indent: -14.2pt; mso-pagination: widow-orphan;\"><span lang=\"EN-GB\" style=\"font-size: 12.0pt; font-family: 'Times New Roman'; mso-ansi-language: EN-GB;\">D. KOLK, <i>Der pythische Apollonhymnus als aitiologische Dichtung<\/i><br \/>\n(A. Barigazzi)<\/span><\/p>\n<p class=\"MsoNormal\" style=\"mso-margin-top-alt: auto; mso-margin-bottom-alt: auto; margin-left: 14.2pt; text-indent: -14.2pt; mso-pagination: widow-orphan;\"><i><span style=\"font-size: 12.0pt; font-family: 'Times New Roman';\">Hermagorae Temnitae,<br \/>\nTestimonia et Fragmenta<\/span><\/i><span style=\"font-size: 12.0pt; font-family: 'Times New Roman';\">,<i> <\/i>collegit D. MATHES (A. Barigazzi)<\/span><\/p>\n<p class=\"MsoNormal\" style=\"mso-margin-top-alt: auto; mso-margin-bottom-alt: auto; margin-left: 14.2pt; text-align: justify; text-indent: -14.2pt; mso-pagination: widow-orphan;\"><i><span style=\"font-size: 12.0pt; font-family: 'Times New Roman';\">Plutarchi Vita Aristidis<\/span><\/i><span style=\"font-size: 12.0pt; font-family: 'Times New Roman';\">,<i> <\/i>a cura di I.<br \/>\nCALABI LIMENTANI (A. Barigazzi)<\/span><\/p>\n<p class=\"MsoNormal\" style=\"mso-margin-top-alt: auto; mso-margin-bottom-alt: auto; margin-left: 14.2pt; text-indent: -14.2pt; mso-pagination: widow-orphan; tab-stops: right 16.0cm;\"><i><span lang=\"EN-GB\" style=\"font-size: 12.0pt; font-family: 'Times New Roman'; mso-ansi-language: EN-GB;\">Theognis, Ps.\u2011Pythagoras, Ps.\u2011Phocylides,<br \/>\nChares, Anonimi Aulodia, Fragmentum Teliambicum<\/span><\/i><span lang=\"EN-GB\" style=\"font-size: 12.0pt; font-family: 'Times New Roman'; mso-ansi-language: EN-GB;\">,<i><br \/>\n<\/i>ed. <\/span><span style=\"font-size: 12.0pt; font-family: 'Times New Roman';\">D.<br \/>\nYOUNG (A. Barigazzi)<\/span><\/p>\n<p class=\"MsoNormal\" style=\"mso-margin-top-alt: auto; mso-margin-bottom-alt: auto; margin-left: 14.2pt; text-indent: -14.2pt; mso-pagination: widow-orphan;\"><span style=\"font-size: 12.0pt; font-family: 'Times New Roman';\">K. LATTE, <i>R\u00f6mische<br \/>\nReligionsgeschichte <\/i>(A. Bernardi)<\/span><\/p>\n<p class=\"MsoNormal\" style=\"mso-margin-top-alt: auto; mso-margin-bottom-alt: auto; margin-left: 14.2pt; text-align: justify; text-indent: -14.2pt; mso-pagination: widow-orphan;\"><span style=\"font-size: 12.0pt; font-family: 'Times New Roman';\">G. GIANNELLI, <i>Culti e<br \/>\nmiti della Magna Grecia<\/i> (A. Bernardi) <\/span><\/p>\n<p class=\"MsoNormal\" style=\"mso-margin-top-alt: auto; mso-margin-bottom-alt: auto; margin-left: 14.2pt; text-align: justify; text-indent: -14.2pt; mso-pagination: widow-orphan;\"><span lang=\"EN-GB\" style=\"font-size: 12.0pt; font-family: 'Times New Roman'; mso-ansi-language: EN-GB;\">A.H.M. JONES, <i>The Later Roman Empire 284\u2011602. A Social,<br \/>\nEconomic and Administrative Survey <\/i>(L. Cracco Ruggini)<i><\/i><\/span><\/p>\n<p class=\"MsoNormal\" style=\"mso-margin-top-alt: auto; mso-margin-bottom-alt: auto; margin-left: 14.2pt; text-align: justify; text-indent: -14.2pt; mso-pagination: widow-orphan;\"><span style=\"font-size: 12.0pt; font-family: 'Times New Roman';\">K. HANNESTAD, <i>L'\u00e9volution<br \/>\ndes ressources agricoles de l'Italie du 4\u00e8me au 6\u00e8me si\u00e8cle de notre \u00e8re<\/i><br \/>\n(L. Cracco Ruggini)<\/span><\/p>\n<p class=\"MsoNormal\" style=\"mso-margin-top-alt: auto; mso-margin-bottom-alt: auto; margin-left: 14.2pt; text-indent: -14.2pt; mso-pagination: widow-orphan;\"><i><span style=\"font-size: 12.0pt; font-family: 'Times New Roman';\">Blossii Aemilii<br \/>\nDracontii De laudibus Dei libri tres<\/span><\/i><span style=\"font-size: 12.0pt; font-family: 'Times New Roman';\">,<i> <\/i>ed. F. CORSARO (M. De Marco)<\/span><\/p>\n<p class=\"MsoNormal\" style=\"mso-margin-top-alt: auto; mso-margin-bottom-alt: auto; margin-left: 14.2pt; text-align: justify; text-indent: -14.2pt; mso-pagination: widow-orphan;\"><span style=\"font-size: 12.0pt; font-family: 'Times New Roman';\">F. LEO, <i>Ausgew\u00e4hlte<br \/>\nSchriften<\/i> (P. Frassinetti)<\/span><\/p>\n<p class=\"MsoNormal\" style=\"mso-margin-top-alt: auto; mso-margin-bottom-alt: auto; margin-left: 14.2pt; text-indent: -14.2pt; mso-pagination: widow-orphan; tab-stops: 123.0pt 166.0pt right 16.0cm;\"><i><span style=\"font-size: 12.0pt; font-family: 'Times New Roman';\">Appendix Vergiliana. Epigrammata et Priapea<\/span><\/i><span style=\"font-size: 12.0pt; font-family: 'Times New Roman';\">, a cura di A. SALVATORE<br \/>\n(P. Frassinetti)<\/span><\/p>\n<p class=\"MsoNormal\" style=\"mso-margin-top-alt: auto; mso-margin-bottom-alt: auto; margin-left: 14.2pt; text-align: justify; text-indent: -14.2pt; mso-pagination: widow-orphan;\"><i><span style=\"font-size: 12.0pt; font-family: 'Times New Roman';\">Appendix Vergiliana<\/span><\/i><span style=\"font-size: 12.0pt; font-family: 'Times New Roman';\">,<i> <\/i>a cura di R. GIOMINI<br \/>\n(P. Frassinetti) <\/span><\/p>\n<p class=\"MsoNormal\" style=\"mso-margin-top-alt: auto; mso-margin-bottom-alt: auto; margin-left: 14.2pt; text-indent: -14.2pt; mso-pagination: widow-orphan;\"><span style=\"font-size: 12.0pt; font-family: 'Times New Roman';\">G. BRANCATO, <i>La <\/i>systasis<i><br \/>\nnella Poetica di Aristotele <\/i>(D. Lanza)<i><\/i><\/span><\/p>\n<p class=\"MsoNormal\" style=\"mso-margin-top-alt: auto; mso-margin-bottom-alt: auto; margin-left: 14.2pt; text-indent: -14.2pt; mso-pagination: widow-orphan;\"><span style=\"font-size: 12.0pt; font-family: 'Times New Roman';\">A. LA PENNA, <i>Orazio e<br \/>\nl'ideologia del principato<\/i> (P. Venini)<b><\/b><\/span><\/p>\n<p class=\"MsoNormal\" style=\"mso-margin-top-alt: auto; mso-margin-bottom-alt: auto; margin-left: 14.2pt; text-align: justify; text-indent: -14.2pt; mso-pagination: widow-orphan;\"><i><span style=\"font-size: 12.0pt; font-family: 'Times New Roman';\">M. Porci Catonis De agri<br \/>\ncultura<\/span><\/i><span style=\"font-size: 12.0pt; font-family: 'Times New Roman';\">,<i><br \/>\n<\/i>ed. A. MAZZARINO (P. Venini)<\/span><\/p>\n<p class=\"MsoNormal\" style=\"mso-margin-top-alt: auto; mso-margin-bottom-alt: auto; margin-left: 14.2pt; text-indent: -14.2pt; mso-pagination: widow-orphan;\"><i><span style=\"font-size: 12.0pt; font-family: 'Times New Roman';\">Appendix Sallustiana<\/span><\/i><span style=\"font-size: 12.0pt; font-family: 'Times New Roman';\">,<i> <\/i>I:<i> Epistulae<br \/>\nad Caesarem<\/i>;<i> <\/i>II:<i> Invectivae<\/i>,<i> <\/i>ed. A. KURFESS (P.<br \/>\nVenini)<\/span><\/p>\n<p class=\"MsoNormal\" style=\"mso-margin-top-alt: auto; mso-margin-bottom-alt: auto; margin-left: 14.2pt; text-indent: -14.2pt; mso-pagination: widow-orphan;\"><i><span style=\"font-size: 12.0pt; font-family: 'Times New Roman';\">M. Tullii Ciceronis Cato<br \/>\nMaior de senectute<\/span><\/i><span style=\"font-size: 12.0pt; font-family: 'Times New Roman';\">,<i><br \/>\n<\/i>ed. M. FALTNER (P. Venini) <\/span><\/p>\n<p class=\"MsoNormal\">\n<\/div>\n<\/div>\n<\/div><\/div><\/div><\/div><\/div><\/div>","protected":false},"excerpt":{"rendered":"<p>Indice generale di athenaeum 52 (1964) &nbsp; Articoli V.E. ALFIERI, La pedagogia di Quintiliano L. ALFONSI, Studi sull&#8217;Hortensius di Cicerone E. BADIAN, Where was Sisenna? A. BARIGAZZI, Su due epigrammi di Domizio Marso A. BERNARDI, Dai Populi Albenses ai Prisci Latini nel Lazio arcaico O. CARRUBA, Ahhijawa e altri nomi di popoli e di paesi&hellip;&nbsp;<a href=\"https:\/\/athenaeum.unipv.it\/index.php\/ath46-1964\/\" class=\"\" rel=\"bookmark\">Leggi tutto &raquo;<span class=\"screen-reader-text\">ATH46-1964<\/span><\/a><\/p>\n","protected":false},"author":1,"featured_media":0,"parent":0,"menu_order":0,"comment_status":"closed","ping_status":"closed","template":"","meta":{"neve_meta_sidebar":"full-width","neve_meta_container":"","neve_meta_enable_content_width":"on","neve_meta_content_width":100,"neve_meta_title_alignment":"","neve_meta_author_avatar":"","neve_post_elements_order":"","neve_meta_disable_header":"","neve_meta_disable_footer":"","neve_meta_disable_title":"","_themeisle_gutenberg_block_has_review":false,"_ti_tpc_template_sync":false,"_ti_tpc_template_id":""},"acf":[],"_links":{"self":[{"href":"https:\/\/athenaeum.unipv.it\/index.php\/wp-json\/wp\/v2\/pages\/228"}],"collection":[{"href":"https:\/\/athenaeum.unipv.it\/index.php\/wp-json\/wp\/v2\/pages"}],"about":[{"href":"https:\/\/athenaeum.unipv.it\/index.php\/wp-json\/wp\/v2\/types\/page"}],"author":[{"embeddable":true,"href":"https:\/\/athenaeum.unipv.it\/index.php\/wp-json\/wp\/v2\/users\/1"}],"replies":[{"embeddable":true,"href":"https:\/\/athenaeum.unipv.it\/index.php\/wp-json\/wp\/v2\/comments?post=228"}],"version-history":[{"count":10,"href":"https:\/\/athenaeum.unipv.it\/index.php\/wp-json\/wp\/v2\/pages\/228\/revisions"}],"predecessor-version":[{"id":1329,"href":"https:\/\/athenaeum.unipv.it\/index.php\/wp-json\/wp\/v2\/pages\/228\/revisions\/1329"}],"wp:attachment":[{"href":"https:\/\/athenaeum.unipv.it\/index.php\/wp-json\/wp\/v2\/media?parent=228"}],"curies":[{"name":"wp","href":"https:\/\/api.w.org\/{rel}","templated":true}]}}