{"id":252,"date":"2020-10-22T05:51:27","date_gmt":"2020-10-22T05:51:27","guid":{"rendered":"http:\/\/webnixinfotech.com\/?page_id=252"},"modified":"2021-05-06T17:00:44","modified_gmt":"2021-05-06T17:00:44","slug":"ath46-1975","status":"publish","type":"page","link":"https:\/\/athenaeum.unipv.it\/index.php\/ath46-1975\/","title":{"rendered":"ATH46-1975"},"content":{"rendered":"<div id=\"pl-252\"  class=\"panel-layout\" ><div id=\"pg-252-0\"  class=\"panel-grid panel-no-style\" ><div id=\"pgc-252-0-0\"  class=\"panel-grid-cell\" ><div id=\"panel-252-0-0-0\" class=\"so-panel widget widget_sow-editor panel-first-child panel-last-child\" data-index=\"0\" ><div id=\"none-break\" class=\"panel-widget-style panel-widget-style-for-252-0-0-0\" ><div\n\t\t\t\n\t\t\tclass=\"so-widget-sow-editor so-widget-sow-editor-base\"\n\t\t\t\n\t\t>\n<div class=\"siteorigin-widget-tinymce textwidget\">\n\t<div class=\"Section1\">\n<p style=\"text-align: center;\"><strong>Indice generale di athenaeum 63 (1975)<\/strong><\/p>\n<p>&nbsp;<\/p>\n<h3 style=\"margin-left: 18.0pt; text-indent: -18.0pt;\"><span style=\"font-size: 12.0pt;\"><a name=\"art1\"><\/a>Articoli<\/span><\/h3>\n<p class=\"MsoNormal\" style=\"mso-margin-top-alt: auto; mso-margin-bottom-alt: auto; margin-left: 14.2pt; text-align: justify; text-indent: -14.2pt; mso-pagination: widow-orphan;\"><span style=\"font-size: 12.0pt; font-family: 'Times New Roman';\">F. BELLANDI, Sanguine<br \/>\nlaeti<i>. Ipotesi sulla danza curetica di Lucr. II, 629 ss. <\/i><\/span><\/p>\n<p class=\"MsoNormal\" style=\"mso-margin-top-alt: auto; mso-margin-bottom-alt: auto; margin-left: 14.2pt; text-align: justify; text-indent: -14.2pt; mso-pagination: widow-orphan;\"><span style=\"font-size: 12.0pt; font-family: 'Times New Roman';\">F. DE MARTINO, <i>Note<br \/>\nsull'Italia augustea <\/i><\/span><\/p>\n<p class=\"MsoNormal\" style=\"mso-margin-top-alt: auto; mso-margin-bottom-alt: auto; margin-left: 14.2pt; text-align: justify; text-indent: -14.2pt; mso-pagination: widow-orphan;\"><span style=\"font-size: 12.0pt; font-family: 'Times New Roman';\">R. DEVELIN, <i>Comitia<br \/>\ntributa plebis<\/i><\/span><\/p>\n<p class=\"MsoNormal\" style=\"mso-margin-top-alt: auto; mso-margin-bottom-alt: auto; margin-left: 14.2pt; text-align: justify; text-indent: -14.2pt; mso-pagination: widow-orphan;\"><span lang=\"EN-GB\" style=\"font-size: 12.0pt; font-family: 'Times New Roman'; mso-ansi-language: EN-GB;\">R. FEARS, <i>Pausanias the Assassin of Philip<\/i> <\/span><\/p>\n<p class=\"MsoNormal\" style=\"mso-margin-top-alt: auto; mso-margin-bottom-alt: auto; margin-left: 14.2pt; text-indent: -14.2pt; mso-pagination: widow-orphan;\"><span style=\"font-size: 12.0pt; font-family: 'Times New Roman';\">E. GABBA, <i>P. Cornelio<br \/>\nScipione Africano e la leggenda<\/i> <\/span><\/p>\n<p class=\"MsoNormal\" style=\"mso-margin-top-alt: auto; mso-margin-bottom-alt: auto; margin-left: 14.2pt; text-indent: -14.2pt; mso-pagination: widow-orphan;\"><span lang=\"EN-GB\" style=\"font-size: 12.0pt; font-family: 'Times New Roman'; mso-ansi-language: EN-GB;\">P. HARVEY, <i>Cicero,<\/i> leg. agr<i>.<\/i> <i>2, 78 and the Sullan Colony<br \/>\nat Praeneste<\/i><\/span><\/p>\n<p class=\"MsoNormal\" style=\"mso-margin-top-alt: auto; mso-margin-bottom-alt: auto; margin-left: 14.2pt; text-align: justify; text-indent: -14.2pt; mso-pagination: widow-orphan;\"><span style=\"font-size: 12.0pt; font-family: 'Times New Roman';\">M. ISNARDI PARENTE, <i>Proodos<br \/>\nin Speusippo?<\/i><\/span><\/p>\n<p class=\"MsoNormal\" style=\"mso-margin-top-alt: auto; mso-margin-bottom-alt: auto; margin-left: 14.2pt; text-indent: -14.2pt; mso-pagination: widow-orphan;\"><span style=\"font-size: 12.0pt; font-family: 'Times New Roman';\">E. MALCOVATI, <i>Sull'orazione<br \/>\ndi Catone<\/i> <i>\u00ab<\/i>De bello Carthaginiensi<i>\u00bb<\/i><\/span><\/p>\n<p class=\"MsoNormal\" style=\"mso-margin-top-alt: auto; mso-margin-bottom-alt: auto; margin-left: 14.2pt; text-align: justify; text-indent: -14.2pt; mso-pagination: widow-orphan;\"><span lang=\"EN-GB\" style=\"font-size: 12.0pt; font-family: 'Times New Roman'; mso-ansi-language: EN-GB;\">P.M. MARTIN, <i>Le sillage d'En\u00e9e<\/i><\/span><\/p>\n<p class=\"MsoNormal\" style=\"mso-margin-top-alt: auto; mso-margin-bottom-alt: auto; margin-left: 14.2pt; text-align: justify; text-indent: -14.2pt; mso-pagination: widow-orphan;\"><span lang=\"EN-GB\" style=\"font-size: 12.0pt; font-family: 'Times New Roman'; mso-ansi-language: EN-GB;\">H.B. MATTINGLY, <i>The<\/i> consilium<i> of<\/i> <i>Cn. <\/i><\/span><i><span style=\"font-size: 12.0pt; font-family: 'Times New Roman';\">Pompeius Strabo in 89<br \/>\nB.C.<\/span><\/i><\/p>\n<p class=\"MsoNormal\" style=\"mso-margin-top-alt: auto; mso-margin-bottom-alt: auto; margin-left: 14.2pt; text-align: justify; text-indent: -14.2pt; mso-pagination: widow-orphan;\"><span lang=\"EN-GB\" style=\"font-size: 12.0pt; font-family: 'Times New Roman'; mso-ansi-language: EN-GB;\">R.E.A. PALMER, <i>The<\/i> excusatio magisteri<i> and the Administration of<br \/>\nRome under Commodus<\/i> (contin. e fine)<\/span><\/p>\n<p class=\"MsoNormal\" style=\"mso-margin-top-alt: auto; mso-margin-bottom-alt: auto; margin-left: 14.2pt; text-align: justify; text-indent: -14.2pt; mso-pagination: widow-orphan;\"><span style=\"font-size: 12.0pt; font-family: 'Times New Roman';\">P. TOZZI, <i>Erodoto V<br \/>\n106: nota preliminare sull'insurrezione ionica<\/i><\/span><\/p>\n<p class=\"MsoNormal\" style=\"mso-margin-top-alt: auto; mso-margin-bottom-alt: auto; margin-left: 14.2pt; text-align: justify; text-indent: -14.2pt; mso-pagination: widow-orphan;\"><span style=\"font-size: 12.0pt; font-family: 'Times New Roman';\">D. VERA, <i>I rapporti<br \/>\ntra Magno Massimo, Teodosio e Valentiniano II nel 383\u2011384<\/i><\/span><\/p>\n<p class=\"MsoNormal\" style=\"mso-margin-top-alt: auto; mso-margin-bottom-alt: auto; margin-left: 14.2pt; text-indent: -14.2pt; mso-pagination: widow-orphan;\"><span style=\"font-size: 12.0pt; font-family: 'Times New Roman';\">\u00a0<\/span><\/p>\n<h3 style=\"margin-left: 18.0pt; text-indent: -18.0pt;\"><span style=\"font-size: 12.0pt;\">Note e discussioni<\/span><\/h3>\n<p class=\"MsoNormal\" style=\"mso-margin-top-alt: auto; mso-margin-bottom-alt: auto; margin-left: 14.2pt; text-align: justify; text-indent: -14.2pt; mso-pagination: widow-orphan;\"><span style=\"font-size: 12.0pt; font-family: 'Times New Roman';\">P. BICKNELL, <i>Diomedon<br \/>\nColargeus?<\/i><\/span><\/p>\n<p class=\"MsoNormal\" style=\"mso-margin-top-alt: auto; mso-margin-bottom-alt: auto; margin-left: 14.2pt; text-indent: -14.2pt; mso-pagination: widow-orphan;\"><span style=\"font-size: 12.0pt; font-family: 'Times New Roman';\">M.A. GIUA, <i>Tiberio<br \/>\nsimulatore nella tradizione storica pretacitiana<\/i><\/span><\/p>\n<p class=\"MsoNormal\" style=\"mso-margin-top-alt: auto; mso-margin-bottom-alt: auto; margin-left: 14.2pt; text-indent: -14.2pt; mso-pagination: widow-orphan;\"><span style=\"font-size: 12.0pt; font-family: 'Times New Roman';\">G. LURASCHI, <i>Per la<br \/>\nstoria di Como antica<\/i><\/span><\/p>\n<p class=\"MsoNormal\" style=\"mso-margin-top-alt: auto; mso-margin-bottom-alt: auto; margin-left: 14.2pt; text-indent: -14.2pt; mso-pagination: widow-orphan;\"><span style=\"font-size: 12.0pt; font-family: 'Times New Roman';\">E. MALCOVATI, <i>Tre<br \/>\nframmenti di oratori romani<\/i><\/span><\/p>\n<p class=\"MsoNormal\" style=\"mso-margin-top-alt: auto; mso-margin-bottom-alt: auto; margin-left: 14.2pt; text-indent: -14.2pt; mso-pagination: widow-orphan;\"><span lang=\"EN-GB\" style=\"font-size: 12.0pt; font-family: 'Times New Roman'; mso-ansi-language: EN-GB;\">A. MOMIGLIANO, <i>Machon and the symbola<\/i> <\/span><\/p>\n<p class=\"MsoNormal\" style=\"mso-margin-top-alt: auto; mso-margin-bottom-alt: auto; margin-left: 14.2pt; text-indent: -14.2pt; mso-pagination: widow-orphan;\"><span style=\"font-size: 12.0pt; font-family: 'Times New Roman';\">P. ROMANELLI, <i>La<br \/>\npolitica municipale romana nell'Africa proconsolare<\/i><\/span><\/p>\n<p class=\"MsoNormal\" style=\"mso-margin-top-alt: auto; mso-margin-bottom-alt: auto; margin-left: 14.2pt; text-indent: -14.2pt; mso-pagination: widow-orphan; tab-stops: right 16.0cm;\"><span lang=\"EN-GB\" style=\"font-size: 12.0pt; font-family: 'Times New Roman'; mso-ansi-language: EN-GB;\">A.L. TOWNSLEY, <i>Parmenides Religious Vision and Aesthetics<\/i><\/span><\/p>\n<p class=\"MsoNormal\" style=\"mso-margin-top-alt: auto; mso-margin-bottom-alt: auto; margin-left: 14.2pt; text-indent: -14.2pt; mso-pagination: widow-orphan; tab-stops: right 16.0cm;\"><i><span lang=\"EN-GB\" style=\"font-size: 12.0pt; font-family: 'Times New Roman'; mso-ansi-language: EN-GB;\">\u00a0<\/span><\/i><\/p>\n<h3 style=\"margin-left: 18.0pt; text-indent: -18.0pt;\"><span style=\"font-size: 12.0pt;\">Recensioni<\/span><\/h3>\n<p class=\"MsoNormal\" style=\"mso-margin-top-alt: auto; mso-margin-bottom-alt: auto; margin-left: 14.2pt; text-align: justify; text-indent: -14.2pt; mso-pagination: widow-orphan;\"><span lang=\"EN-GB\" style=\"font-size: 12.0pt; font-family: 'Times New Roman'; mso-ansi-language: EN-GB;\">APUL\u00c9E, <i>Opuscules philosophiques et Fragments<\/i> (C. Moreschini) <\/span><\/p>\n<p class=\"MsoNormal\" style=\"mso-margin-top-alt: auto; mso-margin-bottom-alt: auto; margin-left: 14.2pt; text-align: justify; text-indent: -14.2pt; mso-pagination: widow-orphan;\"><span style=\"font-size: 12.0pt; font-family: 'Times New Roman';\">E. ARNALDI, <i>Tacito<\/i><br \/>\n(P.V. Cova) <\/span><\/p>\n<p class=\"MsoNormal\" style=\"mso-margin-top-alt: auto; mso-margin-bottom-alt: auto; margin-left: 14.2pt; text-indent: -14.2pt; mso-pagination: widow-orphan;\"><span style=\"font-size: 12.0pt; font-family: 'Times New Roman';\">M. AUSTIN - P. VIDAL-NAQUET,<br \/>\n<i>Economies et soci\u00e9t\u00e9s en Gr\u00e8ce-ancienne<\/i> (C. Tronchetti)<\/span><\/p>\n<p class=\"MsoNormal\" style=\"mso-margin-top-alt: auto; mso-margin-bottom-alt: auto; margin-left: 14.2pt; text-indent: -14.2pt; mso-pagination: widow-orphan;\"><span style=\"font-size: 12.0pt; font-family: 'Times New Roman';\">L. BRACCESI, <i>Grecit\u00e0<br \/>\nadriatica<\/i> (P. Tozzi)<\/span><\/p>\n<p class=\"MsoNormal\" style=\"mso-margin-top-alt: auto; mso-margin-bottom-alt: auto; margin-left: 14.2pt; text-indent: -14.2pt; mso-pagination: widow-orphan;\"><i><span style=\"font-size: 12.0pt; font-family: 'Times New Roman';\">Carta topografica del<br \/>\nRegno Lombardo Veneto dell'I.R. Stato Maggiore Generale Austriaco<\/span><\/i><span style=\"font-size: 12.0pt; font-family: 'Times New Roman';\"> (P. Tozzi)<\/span><\/p>\n<p class=\"MsoNormal\" style=\"mso-margin-top-alt: auto; mso-margin-bottom-alt: auto; margin-left: 14.2pt; text-indent: -14.2pt; mso-pagination: widow-orphan; tab-stops: 262.25pt;\"><span style=\"font-size: 12.0pt; font-family: 'Times New Roman';\">Ciceroniana<i>.<br \/>\nHommages \u00e0 Kazimierz Kumaniecki<\/i> (E. Malcovati)<\/span><\/p>\n<p class=\"MsoNormal\" style=\"mso-margin-top-alt: auto; mso-margin-bottom-alt: auto; margin-left: 14.2pt; text-align: justify; text-indent: -14.2pt; mso-pagination: widow-orphan; tab-stops: 19.5pt;\"><i><span lang=\"EN-GB\" style=\"font-size: 12.0pt; font-family: 'Times New Roman'; mso-ansi-language: EN-GB;\">Festschrift Karl Vretska zum 70. Geburtstag<\/span><\/i><span lang=\"EN-GB\" style=\"font-size: 12.0pt; font-family: 'Times New Roman'; mso-ansi-language: EN-GB;\"> (E. Malcovati)<\/span><\/p>\n<p class=\"MsoNormal\" style=\"mso-margin-top-alt: auto; mso-margin-bottom-alt: auto; margin-left: 14.2pt; text-indent: -14.2pt; mso-pagination: widow-orphan; tab-stops: 18.5pt;\"><span style=\"font-size: 12.0pt; font-family: 'Times New Roman';\">M.<br \/>\nFLORIANI SQUARCIAPINO, <i>Sculture del Foro Severiano di Leptis Magna<\/i>, con<br \/>\nuna Appendice di<i> <\/i>G. CAPUTO (P. Romanelli)<\/span><\/p>\n<p class=\"MsoNormal\" style=\"mso-margin-top-alt: auto; mso-margin-bottom-alt: auto; margin-left: 14.2pt; text-indent: -14.2pt; mso-pagination: widow-orphan; tab-stops: 18.5pt;\"><span style=\"font-size: 12.0pt; font-family: 'Times New Roman';\">J.G.<br \/>\nFREIRE, <i>A vers\u00e3o latina por Pascasio do Dume dos \u00ab<\/i>Apophtemata Patrum<i>\u00bb<\/i><br \/>\n(A. De Nicola)<\/span><\/p>\n<p class=\"MsoNormal\" style=\"mso-margin-top-alt: auto; mso-margin-bottom-alt: auto; margin-left: 14.2pt; text-align: justify; text-indent: -14.2pt; mso-pagination: widow-orphan;\"><span lang=\"EN-GB\" style=\"font-size: 12.0pt; font-family: 'Times New Roman'; mso-ansi-language: EN-GB;\">H. GABELMANN, <i>Die Werkstattgruppen der oberitalischen Sarkophage<\/i><br \/>\n(F. Rebecchi)<\/span><\/p>\n<p class=\"MsoNormal\" style=\"mso-margin-top-alt: auto; mso-margin-bottom-alt: auto; margin-left: 14.2pt; text-align: justify; text-indent: -14.2pt; mso-pagination: widow-orphan;\"><span lang=\"EN-GB\" style=\"font-size: 12.0pt; font-family: 'Times New Roman'; mso-ansi-language: EN-GB;\">P. GAUTHIER, <i>Symbola. Los \u00e9trangers et la justice dans les cit\u00e9s<br \/>\ngrecques<\/i> (B. Virgilio)<\/span><\/p>\n<p class=\"MsoNormal\" style=\"mso-margin-top-alt: auto; mso-margin-bottom-alt: auto; margin-left: 14.2pt; text-align: justify; text-indent: -14.2pt; mso-pagination: widow-orphan;\"><i><span style=\"font-size: 12.0pt; font-family: 'Times New Roman';\">Il libro di Gaio Valerio<br \/>\nCatullo e i frammenti dei \u00abpoeti nuovi\u00bb<\/span><\/i><span style=\"font-size: 12.0pt; font-family: 'Times New Roman';\">, a cura di G.B. PIGHI (E. Malcovati)<\/span><\/p>\n<p class=\"MsoNormal\" style=\"mso-margin-top-alt: auto; mso-margin-bottom-alt: auto; margin-left: 14.2pt; text-indent: -14.2pt; mso-pagination: widow-orphan; tab-stops: 18.5pt;\"><span lang=\"EN-GB\" style=\"font-size: 12.0pt; font-family: 'Times New Roman'; mso-ansi-language: EN-GB;\">E.W. KLIMOWSKY, <i>Das mann-weibliche Leitbild in der<br \/>\nAntike<\/i> (L. Polacco)<\/span><\/p>\n<p class=\"MsoNormal\" style=\"mso-margin-top-alt: auto; mso-margin-bottom-alt: auto; margin-left: 14.2pt; text-indent: -14.2pt; mso-pagination: widow-orphan; tab-stops: 18.5pt;\"><span style=\"font-size: 12.0pt; font-family: 'Times New Roman';\">G. LANATA,<br \/>\n<i>Gli atti dei martiri come documenti processuali<\/i> (A. Roncoroni)<\/span><\/p>\n<p class=\"MsoNormal\" style=\"mso-margin-top-alt: auto; mso-margin-bottom-alt: auto; margin-left: 14.2pt; text-indent: -14.2pt; mso-pagination: widow-orphan; tab-stops: 18.0pt right 16.0cm;\"><span lang=\"EN-GB\" style=\"font-size: 12.0pt; font-family: 'Times New Roman'; mso-ansi-language: EN-GB;\">M. MAASS, <i>Die Prohedrie des Dionysostheaters in<br \/>\nAthen<\/i> (M. Trojani)<\/span><\/p>\n<p class=\"MsoNormal\" style=\"mso-margin-top-alt: auto; mso-margin-bottom-alt: auto; margin-left: 14.2pt; text-indent: -14.2pt; mso-pagination: widow-orphan;\"><span style=\"font-size: 12.0pt; font-family: 'Times New Roman';\">W.F. OTTO, <i>Spirito<br \/>\nclassico e mondo cristiano<\/i> (P.V. Cova)<\/span><\/p>\n<p class=\"MsoNormal\" style=\"mso-margin-top-alt: auto; mso-margin-bottom-alt: auto; margin-left: 14.2pt; text-align: justify; text-indent: -14.2pt; mso-pagination: widow-orphan;\"><span style=\"font-size: 12.0pt; font-family: 'Times New Roman';\">A. PAREDI, <i>Politica<br \/>\ndi S. Ambrogio<\/i> (A. Roncoroni)<\/span><\/p>\n<p class=\"MsoNormal\" style=\"mso-margin-top-alt: auto; mso-margin-bottom-alt: auto; margin-left: 14.2pt; text-align: justify; text-indent: -14.2pt; mso-pagination: widow-orphan;\"><span style=\"font-size: 12.0pt; font-family: 'Times New Roman';\">G. PERROTTA, <i>Cesare,<br \/>\nCatullo, Orazio e altri saggi. Scritti minori I<\/i> (P.V. Cova)<\/span><\/p>\n<p class=\"MsoNormal\" style=\"mso-margin-top-alt: auto; mso-margin-bottom-alt: auto; margin-left: 14.2pt; text-align: justify; text-indent: -14.2pt; mso-pagination: widow-orphan;\"><span style=\"font-size: 12.0pt; font-family: 'Times New Roman';\">L.F. PIZZOLATO, <i>Le<br \/>\nfondazioni dello stile delle \u00abConfessioni\u00bb di S. Agostino<\/i> (A. Roncoroni)<\/span><\/p>\n<p class=\"MsoNormal\" style=\"mso-margin-top-alt: auto; mso-margin-bottom-alt: auto; margin-left: 14.2pt; text-indent: -14.2pt; mso-pagination: widow-orphan; tab-stops: 15.0pt right 16.0cm;\"><span style=\"font-size: 12.0pt; font-family: 'Times New Roman';\">G.<br \/>\nRAMILLI, <i>Gli agri centuriati di Padova e Pola nell'interpretazione di P.<br \/>\nKandler<\/i> (P. Tozzi)<\/span><\/p>\n<p class=\"MsoNormal\" style=\"mso-margin-top-alt: auto; mso-margin-bottom-alt: auto; margin-left: 14.2pt; text-indent: -14.2pt; mso-pagination: widow-orphan; tab-stops: 15.0pt right 16.0cm;\"><span style=\"font-size: 12.0pt; font-family: 'Times New Roman';\">V.<br \/>\nRECCHIA, <i>Le omelie di Gregorio Magno su Ezechiele (1\u20115)<\/i> (A.<br \/>\nRoncoroni)<\/span><\/p>\n<p class=\"MsoNormal\" style=\"mso-margin-top-alt: auto; mso-margin-bottom-alt: auto; margin-left: 14.2pt; text-indent: -14.2pt; mso-pagination: widow-orphan; tab-stops: 18.0pt 197.0pt right 16.0cm;\"><span lang=\"EN-GB\" style=\"font-size: 12.0pt; font-family: 'Times New Roman'; mso-ansi-language: EN-GB;\">G. RICKMANN, <i>Roman Granaries<br \/>\nand Store Buildings<\/i> (E. No\u00e9)<\/span><\/p>\n<p class=\"MsoNormal\" style=\"mso-margin-top-alt: auto; mso-margin-bottom-alt: auto; margin-left: 14.2pt; text-align: justify; text-indent: -14.2pt; mso-pagination: widow-orphan;\"><span style=\"font-size: 12.0pt; font-family: 'Times New Roman';\">H. SCHEIBLE, <i>Die<\/i> <i>Gedichte<br \/>\nin der<\/i> Consolatio philosopiae<i> des Boethius<\/i> (A. Roncoroni)<\/span><\/p>\n<p class=\"MsoNormal\" style=\"mso-margin-top-alt: auto; mso-margin-bottom-alt: auto; margin-left: 14.2pt; text-indent: -14.2pt; mso-pagination: widow-orphan;\"><span style=\"font-size: 12.0pt; font-family: 'Times New Roman';\">G. SCHMIEDT e Altri, <i>Il<br \/>\nlivello antico del mar Tirreno. Testimonianze dei resti archeologici<\/i> (P.<br \/>\nTozzi)<\/span><\/p>\n<p class=\"MsoNormal\" style=\"mso-margin-top-alt: auto; mso-margin-bottom-alt: auto; margin-left: 14.2pt; text-indent: -14.2pt; mso-pagination: widow-orphan; tab-stops: 15.0pt right 16.0cm;\"><span style=\"font-size: 12.0pt; font-family: 'Times New Roman';\">THUCYDIDIS<br \/>\n<i>Historiae libri I-II<\/i>, rec. J.A. ALBERTI (G. Caiani)<\/span><\/p>\n<p class=\"MsoNormal\" style=\"mso-margin-top-alt: auto; mso-margin-bottom-alt: auto; margin-left: 14.2pt; text-align: justify; text-indent: -14.2pt; mso-pagination: widow-orphan;\"><span style=\"font-size: 12.0pt; font-family: 'Times New Roman';\">P. TORDEUR, <i>Concordance<br \/>\nde Paulin de Pella<\/i> (A. Roncoroni)<\/span><\/p>\n<p class=\"MsoNormal\" style=\"mso-margin-top-alt: auto; mso-margin-bottom-alt: auto; margin-left: 14.2pt; text-indent: -14.2pt; mso-pagination: widow-orphan;\"><span style=\"font-size: 12.0pt; font-family: 'Times New Roman';\">L. TROIANI, <i>L'opera<br \/>\nstoriografica di Filone da Byblos<\/i> (L. Moraldi)<\/span><\/p>\n<p class=\"MsoNormal\" style=\"mso-margin-top-alt: auto; mso-margin-bottom-alt: auto; margin-left: 14.2pt; text-indent: -14.2pt; mso-pagination: widow-orphan; tab-stops: 15.0pt right 16.0cm;\"><span style=\"font-size: 12.0pt; font-family: 'Times New Roman';\">UNIONE<br \/>\nACCADEMICA NAZIONALE, <i>Inscriptiones Italiae <\/i>III, 1<i> <\/i>(E. Gabba)<\/span><\/p>\n<p class=\"MsoNormal\" style=\"mso-margin-top-alt: auto; mso-margin-bottom-alt: auto; margin-left: 14.2pt; text-indent: -14.2pt; mso-pagination: widow-orphan; tab-stops: 15.0pt right 16.0cm;\"><span lang=\"EN-GB\" style=\"font-size: 12.0pt; font-family: 'Times New Roman'; mso-ansi-language: EN-GB;\">H.D. WESTLAKE, <i>Individuals in Thucydides<\/i> (G.<br \/>\nCaiani)<\/span><\/p>\n<p class=\"MsoNormal\" style=\"mso-margin-top-alt: auto; mso-margin-bottom-alt: auto; margin-left: 14.2pt; text-indent: -14.2pt; mso-pagination: widow-orphan;\"><span lang=\"EN-GB\" style=\"font-size: 12.0pt; font-family: 'Times New Roman'; mso-ansi-language: EN-GB;\">R.T. WILLIAMS, <i>Silver Coinage of the Phokians<\/i> (A. Savio)<\/span><\/p>\n<p class=\"MsoNormal\" style=\"mso-margin-top-alt: auto; mso-margin-bottom-alt: auto; margin-left: 14.2pt; text-align: justify; text-indent: -14.2pt; mso-pagination: widow-orphan;\"><span lang=\"EN-GB\" style=\"font-size: 12.0pt; font-family: 'Times New Roman'; mso-ansi-language: EN-GB;\">XENOPHONTIS, <i>De Vectigalibus<\/i>,<i> <\/i>rec. G. BODEI (G. Caiani)<\/span><\/p>\n<p class=\"MsoNormal\"><span lang=\"EN-GB\" style=\"font-size: 12.0pt; font-family: 'Times New Roman'; mso-ansi-language: EN-GB;\">E.<i> <\/i>SCH\u00dcRER, <i>History of the Jewish People in<br \/>\nthe Age of Jesus Christ (175 B.C. - A.D. 135)<\/i> (E. Gabba)<\/span><\/p>\n<\/div>\n<\/div>\n<\/div><\/div><\/div><\/div><\/div><\/div>","protected":false},"excerpt":{"rendered":"<p>Indice generale di athenaeum 63 (1975) &nbsp; Articoli F. BELLANDI, Sanguine laeti. Ipotesi sulla danza curetica di Lucr. II, 629 ss. F. DE MARTINO, Note sull&#8217;Italia augustea R. DEVELIN, Comitia tributa plebis R. FEARS, Pausanias the Assassin of Philip E. GABBA, P. Cornelio Scipione Africano e la leggenda P. HARVEY, Cicero, leg. agr. 2, 78&hellip;&nbsp;<a href=\"https:\/\/athenaeum.unipv.it\/index.php\/ath46-1975\/\" class=\"\" rel=\"bookmark\">Leggi tutto &raquo;<span class=\"screen-reader-text\">ATH46-1975<\/span><\/a><\/p>\n","protected":false},"author":1,"featured_media":0,"parent":0,"menu_order":0,"comment_status":"closed","ping_status":"closed","template":"","meta":{"neve_meta_sidebar":"full-width","neve_meta_container":"","neve_meta_enable_content_width":"on","neve_meta_content_width":100,"neve_meta_title_alignment":"","neve_meta_author_avatar":"","neve_post_elements_order":"","neve_meta_disable_header":"","neve_meta_disable_footer":"","neve_meta_disable_title":"","_themeisle_gutenberg_block_has_review":false,"_ti_tpc_template_sync":false,"_ti_tpc_template_id":""},"acf":[],"_links":{"self":[{"href":"https:\/\/athenaeum.unipv.it\/index.php\/wp-json\/wp\/v2\/pages\/252"}],"collection":[{"href":"https:\/\/athenaeum.unipv.it\/index.php\/wp-json\/wp\/v2\/pages"}],"about":[{"href":"https:\/\/athenaeum.unipv.it\/index.php\/wp-json\/wp\/v2\/types\/page"}],"author":[{"embeddable":true,"href":"https:\/\/athenaeum.unipv.it\/index.php\/wp-json\/wp\/v2\/users\/1"}],"replies":[{"embeddable":true,"href":"https:\/\/athenaeum.unipv.it\/index.php\/wp-json\/wp\/v2\/comments?post=252"}],"version-history":[{"count":6,"href":"https:\/\/athenaeum.unipv.it\/index.php\/wp-json\/wp\/v2\/pages\/252\/revisions"}],"predecessor-version":[{"id":1345,"href":"https:\/\/athenaeum.unipv.it\/index.php\/wp-json\/wp\/v2\/pages\/252\/revisions\/1345"}],"wp:attachment":[{"href":"https:\/\/athenaeum.unipv.it\/index.php\/wp-json\/wp\/v2\/media?parent=252"}],"curies":[{"name":"wp","href":"https:\/\/api.w.org\/{rel}","templated":true}]}}