{"id":317,"date":"2020-10-22T06:05:19","date_gmt":"2020-10-22T06:05:19","guid":{"rendered":"http:\/\/webnixinfotech.com\/?page_id=317"},"modified":"2021-05-06T17:22:59","modified_gmt":"2021-05-06T17:22:59","slug":"ath46-2005","status":"publish","type":"page","link":"https:\/\/athenaeum.unipv.it\/index.php\/ath46-2005\/","title":{"rendered":"ATH46-2005"},"content":{"rendered":"<div id=\"pl-317\"  class=\"panel-layout\" ><div id=\"pg-317-0\"  class=\"panel-grid panel-no-style\" ><div id=\"pgc-317-0-0\"  class=\"panel-grid-cell\" ><div id=\"panel-317-0-0-0\" class=\"so-panel widget widget_sow-editor panel-first-child panel-last-child\" data-index=\"0\" ><div\n\t\t\t\n\t\t\tclass=\"so-widget-sow-editor so-widget-sow-editor-base\"\n\t\t\t\n\t\t>\n<div class=\"siteorigin-widget-tinymce textwidget\">\n\t<div align=\"center\">\n<p>&nbsp;<\/p>\n<table border=\"0\" width=\"90%\">\n<tbody>\n<tr>\n<td width=\"100%\">\n<p style=\"margin-bottom: 0px;\" align=\"center\"><span style=\"font-size: large;\"><b>Athenaeum<br \/>\n<\/b><\/span><\/p>\n<p style=\"margin-bottom: 0px;\" align=\"center\"><b>Indice dell\u2019annata 2005<\/b><\/p>\n<div align=\"center\">\n<table border=\"0\" width=\"75%\" cellpadding=\"0\">\n<tbody>\n<tr>\n<td width=\"15%\"><a href=\"#Anchor-Fascicol-13312\"><b>Fascicolo 1<\/b><\/a><\/td>\n<td width=\"35%\">\n<div align=\"center\">\n<p>&nbsp;<\/p>\n<table border=\"0\" cellpadding=\"0\">\n<tbody>\n<tr>\n<td><a href=\"#Anchor-Articol-21800\"><b>Articoli<\/b><\/a><\/td>\n<\/tr>\n<tr>\n<td><a href=\"#Anchor-Not-35433\"><b>Note e discussioni<\/b><\/a><\/td>\n<\/tr>\n<tr>\n<td><a href=\"#Anchor-Recension-49687\"><b>Recensioni<\/b><\/a><\/td>\n<\/tr>\n<tr>\n<td><a href=\"#Anchor-Notizi-63154\"><b>Notizie di pubblicazione<\/b><\/a><\/td>\n<\/tr>\n<\/tbody>\n<\/table>\n<p>&nbsp;<\/p>\n<\/div>\n<\/td>\n<td width=\"15%\"><a href=\"#Anchor-Fascicol-10032\"><b>Fascicolo 2<\/b><\/a><\/td>\n<td width=\"35%\">\n<table border=\"0\" cellpadding=\"0\">\n<tbody>\n<tr>\n<td><a href=\"#Anchor-Articol-24888\"><b>Articoli<\/b><\/a><\/td>\n<\/tr>\n<tr>\n<td><a href=\"#Anchor-Not-38131\"><b>Note e discussioni<\/b><\/a><\/td>\n<\/tr>\n<tr>\n<td><a href=\"#Anchor-Recension-50456\"><b>Recensioni<\/b><\/a><\/td>\n<\/tr>\n<tr>\n<td><a href=\"#Anchor-Notizi-64396\"><b>Notizie di pubblicazione<\/b><\/a><\/td>\n<\/tr>\n<\/tbody>\n<\/table>\n<\/td>\n<\/tr>\n<\/tbody>\n<\/table>\n<p><a style=\"font-family: inherit; font-size: inherit;\" name=\"Anchor-Fascicol-13312\"><\/a><\/p>\n<\/div>\n<p style=\"text-align: center;\"><b><i><\/i><\/b><b><i>Fascicolo 1<br \/>\n<\/i><\/b><b><i>(pubblicazione: aprile 2005)<a name=\"Anchor-Articol-21800\"><\/a><\/i><\/b><\/p>\n<div align=\"center\">\n<p>&nbsp;<\/p>\n<h3 style=\"margin-left: 18pt; text-indent: -18pt; text-align: left;\"><span style=\"font-size: 12.0pt;\">Articoli<\/span><\/h3>\n<\/div>\n<p>C.M. CALCANTE, <em>Da Cratilo a Dionigi d'Alicarnasso: eufonia e iconismo<br \/>\n<\/em>M. DI FAZIO, <em>Uno, nessuno e centomila Mezenzio<br \/>\n<\/em><span style=\"font-family: inherit; font-size: inherit;\">S. DMITRIEV, <\/span><em style=\"font-family: inherit; font-size: inherit;\">The History and Geography of the Province of <\/em><em style=\"font-family: inherit; font-size: inherit;\">Asia <\/em><em style=\"font-family: inherit; font-size: inherit;\"> during its First Hundred Years and the Provincialization of <\/em><em style=\"font-family: inherit; font-size: inherit;\">Asia Minor<br \/>\n<\/em>U. AGNATI, <em>La \u2018distruzione conservativa' della <\/em>Tabula Cortonensis<br \/>\nA. LANIADO, <em>Un fragment m\u00e9connu de Candide l'Isaurien?<br \/>\n<\/em>F. FONTANELLA, <em>La I orazione <\/em>De lege agraria <em>: Cicerone e il senato di fronte alla riforma di P. Servilio Rullo (63 a.C.)<br \/>\n<\/em>T. MORGAN, <em>Eusebius of <\/em><em>Caesarea <\/em><em> and Christian Historiography<br \/>\n<\/em>R. FLORIO, <em>Reconversi\u00f3n cristiana de dos memorias virgilianas en el <\/em>Peristephanon <em> 3 de Prudencio<br \/>\n<\/em>P. PAOLUCCI, <em>Boezio traduttore di Nicomaco nel <\/em>De institutione arithmetica<a name=\"Anchor-Not-35433\"><\/a><\/p>\n<h3 style=\"margin-left: 18.0pt; text-indent: -18.0pt;\"><span style=\"font-size: 12.0pt;\">Note e Discussioni<\/span><\/h3>\n<p>A. RIZZA, <em>Licia e Lidia prima dell'ellenizzazione. A proposito degli Atti del convegno internazionale. Roma, 11-12 ottobre 1999<br \/>\n<\/em>S. PALTINERI, <em>Verucchio. Una traccia dei problemi<br \/>\n<\/em>R. BARGNESI, <em>Sull'iscrizione viaria di Vogogna ( <\/em>CIL <em>, V 6649)<br \/>\n<\/em>L. DE MICHELE, <em>Fimbria e Sertorio: <\/em>proditores reipublicae <em>?<br \/>\n<\/em>F. TATARANNI, Il toro, la lupa e il guerriero: l'immagine marziale dei Sanniti nella monetazione degli insorti italici durante la guerra sociale (90-88 a.C.)<br \/>\nB. ROSSIGNOLI, <em>Ulisse, Laerte e Germanico<br \/>\n<\/em>E.A. HEMELRIJK, <em>Octavian and the Introduction of Public Statues for Women in <\/em><em>Rome<br \/>\n<\/em>A. MARCONE, <em>Un collaboratore istriano di Mommsen: Tomaso Luciani<br \/>\n<\/em>E. GABBA, <em>Franco Sartori: <\/em>in memoriam<a name=\"Anchor-Recension-49687\"><\/a><\/p>\n<h3 style=\"margin-left: 18.0pt; text-indent: -18.0pt;\"><span style=\"font-size: 12.0pt;\">Recensioni<\/span><\/h3>\n<p><em>L'Illyrie m\u00e9ridionale et l'\u00c9pire dans l'Antiquit\u00e9 III <\/em>. <em>Actes du III e Colloque international de Chantilly (16-19 Octobre 1996) <\/em>, r\u00e9unis par P. CABANES (I. Berti)<br \/>\nB. VIRGILIO , <em>Lancia, diadema e porpora. Il re e la regalit\u00e0 ellenistica <\/em>(G. Daverio Rocchi)<br \/>\nK. PIEPENBRINK , <em>Politische Ordnungskonzeptionen in der Demokratie des vierten Jahrhunderts v. Chr. <\/em>(M. Faraguna)<br \/>\nA. BENCIVENNI , <em>Progetti di riforme costituzionali nelle epigrafi greche dei secoli IV-II a.C. <\/em>(C. Carsana)<br \/>\nL. AIGNER FORESTI , <em>Die Etrusker und das fr\u00fche Rom <\/em>(E. Gabba)<br \/>\nM. ELSTER , <em>Die Gesetze der mittleren r\u00f6mischen Republik. Text und Commentar <\/em>(L. Pellecchi)<br \/>\nS. DEMOUGIN - M.-T. RAEPSAET-CHARLIER , <em>Prosopographia Militiarum Equestrium <\/em>, Pars VI. <em>Laterculi Alarum \u2013 Cohortium \u2013 Legionum <\/em>(M. Traverso)<br \/>\nR. CALDINI MONTANARI , <em>Tradizione medievale ed edizione critica del <\/em>Somnium Scipionis (A. Canobbio)<br \/>\nD. PULIGA , <em>Percorsi della cultura latina. Per una didattica sostenibile <\/em>(C.M. Calcante)<br \/>\n<em>La filosofia in et\u00e0 imperiale. Le scuole e le tradizioni filosofiche <\/em>, a c. di A. BRANCACCI (M. Di Lisa)<br \/>\nR.K. BURNAM , <em>Le Vetrate del Duomo di Pisa (Corpus Vitrearum Medii Aevi - Italia, <\/em>vol <em>. <\/em>II <em>) <\/em>(C. Fraccaro)<br \/>\nF. BONA , <em>Lectio sua. <\/em><em>Studi editi e inediti di diritto romano <\/em>(D. Mantovani)<\/p>\n<p><a name=\"Anchor-Fascicol-10032\"><\/a><\/p>\n<p align=\"center\"><b><i><span style=\"font-size: 11.0pt;\">Fascicolo 2<br \/>\n<\/span><\/i><\/b><b><i><span style=\"font-size: 11.0pt;\">(pubblicazione: Ottobre 2005)<a name=\"Anchor-Articol-24888\"><\/a><\/span><\/i><\/b><\/p>\n<div align=\"center\">\n<h3 style=\"margin-left: 18pt; text-indent: -18pt; text-align: left;\"><span style=\"font-size: 12.0pt;\">Articoli<\/span><\/h3>\n<\/div>\n<p>F. Ferrari , <em>Parmenide, il <\/em>Parmenide <em>di Platone e la teoria delle idee<br \/>\n<\/em>G. Firpo , <em>La tradizione sulle <\/em>leges de multa <em>di V secolo a.C. (Aternia Tarpeia, 454 v., Menenia Sestia, 452 v., Iulia Papiria, 430 v.)<br \/>\n<\/em>A. Keaveney , <em>The Terminal Data of Sulla's Dictatorship<br \/>\n<\/em>G. Kron , <em>The Augustan Census Figures and the Population of <\/em><em>Italy<br \/>\n<\/em>M. Miglietta , <em>Ges\u00f9 e il suo processo \u2018nella prospettiva ebraica'<br \/>\n<\/em>L. Capogrossi Colognesi , <em>Weber e la storia agraria di Roma<br \/>\n<\/em>O. Amore , De Palatio in Passione Thomae <em>: la teoria della regalit\u00e0 da Costantino all'et\u00e0 dei Maurini<br \/>\n<\/em>D. Zoroddu , <em>Posidippo miniatore<a name=\"Anchor-Not-38131\"><\/a><\/em><\/p>\n<h3 style=\"margin-left: 1.0cm; text-indent: -1.0cm;\"><span style=\"font-size: 12.0pt;\">Note e Discussioni<\/span><\/h3>\n<p>A. Marcone , <em>Le origini del nome di Udine<br \/>\n<\/em>G. Arrigoni , <em>Il ritorno di Angelo Brelich<br \/>\n<\/em>S. Segenni , <em>Frontino, gli archivi della <\/em>cura aquarum <em> e l'acquedotto tardo repubblicano di Amiternum ( <\/em>CIL, <em> I 2 1853 = <\/em>ILLRP <em>, 487)<br \/>\n<\/em>M.P. Lavizzari Pedrazzini , <em>La ceramica arretina in Italia settentrionale<br \/>\n<\/em>D. Paniagua , <em>Nota a Plinio, <\/em>Nat. Hist. <em> 10, 117<br \/>\n<\/em>J.R. Levison - O.M. Ewald , <em>Josephus and Burial of Women at Public Expense<br \/>\n<\/em>M. Neri , <em> In margine a una recente edizione di Romano il Melode<br \/>\n<\/em>A. Cafissi , <em>Una nuova iscrizione latina da Breme (Pavia)<br \/>\n<\/em><em>Progetto \u201cTerqa e la sua regione\u201d: Rapporto preliminare 2004 <\/em>, a c. di O. Rouault - C. Mora<a name=\"Anchor-Recension-50456\"><\/a><\/p>\n<h3 style=\"margin-left: 1.0cm; text-indent: -1.0cm;\"><span style=\"font-size: 12.0pt;\">Recensioni<\/span><\/h3>\n<p><em>Orizzonti del sacro. Culti e santuari antichi in Altino e nel Veneto orientale <\/em>, a c. di G. Cresci Marrone - M. Tirelli (E. Smoquina)<br \/>\nS. Tanci - C. Tortoioli , <em>La ceramica italo-geometrica <\/em>(S. Paltineri)<br \/>\nP. Briant , <em>Darius dans l'ombre d'Alexandre <\/em> (D. Ambaglio)<br \/>\nC. Sch\u00e4fer , <em>Eumenes von Kardia und der Kampf um die Macht im Alexanderreich <\/em>(L. Boffo)<br \/>\nH.-U. Wiemer , <em>Krieg, Handel und Piraterie. Untersuchungen zur Geschichte des hellenistichen Rhodos <\/em> (F. De Romanis)<br \/>\nM. R. Torelli , <em>Benevento romana <\/em>(C. Letta)<br \/>\nR. Sallares , <em>Malaria and <\/em><em>Rome <\/em><em>. A History of Malaria in Ancient <\/em><em>Italy <\/em>(P. Mazzarello)<br \/>\nM. Kahlos, <em>Vettius Agorius Praetextatus. <\/em><em>A Senatorial Life in Between <\/em>(G.A. Cecconi)<br \/>\n<span style=\"font-family: inherit; font-size: inherit;\">P. Pinotti , <\/span><em style=\"font-family: inherit; font-size: inherit;\">L'elegia latina. Storia di una forma poetica <\/em><span style=\"font-family: inherit; font-size: inherit;\">(R. Dimundo)<br \/>\n<\/span><span style=\"font-family: inherit; font-size: inherit;\">Tibullus , <\/span><em style=\"font-family: inherit; font-size: inherit;\">Elegies <\/em><span style=\"font-family: inherit; font-size: inherit;\">, Text, Intr. and Comm. by R. Maltby (P. Pinotti)<br \/>\n<\/span>Martial , <em>Select Epigrams <\/em>, ed. by L. and P. Watson (A. Canobbio)<br \/>\nE. Narducci , <em>La gallina Cicerone. Carlo Emilio Gadda e gli scrittori antichi <\/em>(L. Fezzi)<a name=\"Anchor-Notizi-64396\"><\/a><\/p>\n<h3 style=\"margin-left: 1.0cm; text-indent: -1.0cm;\"><span style=\"font-size: 12.0pt;\">Notizie di Pubblicazioni<\/span><\/h3>\n<p><em>Archeologia e arte rupestre. L'Europa, le Alpi, la Valcamonica (Atti del Convegno di Studi, 2-5 ottobre 1997, Darfo Boario Terme) <\/em>(S. Solano)<br \/>\nA. Comella , <em>Il santuario di Punta della Vipera. Santa Marinella - Comune di Civitavecchia <\/em>, I. <em>I materiali votivi <\/em>(M.E. Gorrini)<br \/>\nM.P. Guidobaldi , <em>I materiali votivi della Grotta del colle di Rapino <\/em>(M.E. Gorrini)<br \/>\nM.-F. Briguet , <em>Les urnes cin\u00e9raires \u00e9trusques de l'\u00e9poque hell\u00e9nistique <\/em>(S.Paltineri)<br \/>\nJ. Sievers , <em>Synopsis of the Greek Sources for the Hasmonean Period: 1-2 Maccabees and Josephus, War 1 and Antiquities 12-14 <\/em>( S. Castelli )<br \/>\nM. Buonocore , <em>L'Abruzzo e il Molise in et\u00e0 romana tra storia ed epigrafia <\/em>(G. Firpo)<br \/>\nN. Ehrhardt - L.-M. G\u00fcnther (Hrsg.), <em>Widerstand-Anpassung-Integration. Die griechische Staatenwelt und Rom. Fs J\u00fcrgen Deininger <\/em>(A. Marcone)<br \/>\nP. Brown , <em>Poverty and Leadership in the Later <\/em><em>Roman Empire <\/em>(A. Marcone)<br \/>\nM.R. Salzman , <em>The Making of a Christian Aristocracy. Social and Religious Change in the <\/em><em>Western Roman Empire <\/em>(A. Marcone)<br \/>\n<em>Tra IV e V secolo. Studi sulla cultura latina tardoantica <\/em>, a c. di I. Gualandri (A. Miracca)<br \/>\nA. B usine , <em>Les sept sages de la Gr\u00e8ce antique <\/em>(F. Ferrari)<br \/>\nG.R. Boys-Stones (ed.), <em>Metaphor, Allegory and the Classical Tradition. <\/em><em>Ancient Thought and Modern Revisions <\/em>(F. Ferrari)<br \/>\n<em>Origene maestro di vita spirituale, Origen: Master of Spiritual Life, Milano, 13-15 Settembre 1999 <\/em>, a c. di L.F. Pizzolato - M. Rizzi (A. Bonadeo)<br \/>\nH. Wulfram , <em>Literarische Vitruvrezeption in Leon Battista Albertis <\/em>De re aedificatoria (E. Calandra)<br \/>\n<em>Semanas de Estudios Romanos <\/em>, Vol. XI (L. Polverini)<br \/>\n<em>Per Paola Venini. <\/em><em>Atti della Giornata di studio (Pavia, 14 maggio 1999) <\/em>(F. Gasti)<br \/>\nC. Chiavia , Programmata <em>. Manifesti elettorali nella colonia romana di Pompei <\/em> (R. Scuderi)<br \/>\nT. Stickler , <em>A\u00ebtius. Gestaltungsspielr\u00e4ume eines Heermeisters im ausgehenden Westr\u00f6mischen Reich <\/em> (A. Marcone)<br \/>\n<em>The <\/em><em>Oxford <\/em><em> History of <\/em><em>Byzantium <\/em>, ed. by C. Mango (M. Negri)<br \/>\nJ.N. Bremmer , <em>La religione greca <\/em>(S. Castelli)<br \/>\n<em>Les modalit\u00e9s en Latin <\/em>, Textes r\u00e9unis par M. Fruyt - C. Moussy (A. Miracca)<br \/>\nG. Cavallo , <em>Dalla parte del libro. Storia di trasmissione dei classici <\/em>(A. Miracca)<br \/>\nP. Starace , <em>Cronaca del Collegio di Diritto Romano. \u00abTesti e problemi del giusnaturalismo romano\u00bb <\/em><\/p>\n<\/td>\n<\/tr>\n<\/tbody>\n<\/table>\n<p>&nbsp;<\/p>\n<\/div>\n<p>&nbsp;<\/p>\n<p align=\"center\"><a href=\"http:\/\/dobc.unipv.it\/dipscant\/athenaeum\/athenaeum.html\">Athenaeum<\/a> - <a href=\"http:\/\/dobc.unipv.it\/dipscant\/index.html\">Home dipartimento<\/a><\/p>\n<\/div>\n<\/div><\/div><\/div><\/div><\/div>","protected":false},"excerpt":{"rendered":"<p>&nbsp; Athenaeum Indice dell\u2019annata 2005 Fascicolo 1 &nbsp; Articoli Note e discussioni Recensioni Notizie di pubblicazione &nbsp; Fascicolo 2 Articoli Note e discussioni Recensioni Notizie di pubblicazione Fascicolo 1 (pubblicazione: aprile 2005) &nbsp; Articoli C.M. CALCANTE, Da Cratilo a Dionigi d&#8217;Alicarnasso: eufonia e iconismo M. DI FAZIO, Uno, nessuno e centomila Mezenzio S. DMITRIEV, The&hellip;&nbsp;<a href=\"https:\/\/athenaeum.unipv.it\/index.php\/ath46-2005\/\" class=\"\" rel=\"bookmark\">Leggi tutto &raquo;<span class=\"screen-reader-text\">ATH46-2005<\/span><\/a><\/p>\n","protected":false},"author":1,"featured_media":0,"parent":0,"menu_order":0,"comment_status":"closed","ping_status":"closed","template":"","meta":{"neve_meta_sidebar":"full-width","neve_meta_container":"","neve_meta_enable_content_width":"on","neve_meta_content_width":100,"neve_meta_title_alignment":"","neve_meta_author_avatar":"","neve_post_elements_order":"","neve_meta_disable_header":"","neve_meta_disable_footer":"","neve_meta_disable_title":"","_themeisle_gutenberg_block_has_review":false,"_ti_tpc_template_sync":false,"_ti_tpc_template_id":""},"acf":[],"_links":{"self":[{"href":"https:\/\/athenaeum.unipv.it\/index.php\/wp-json\/wp\/v2\/pages\/317"}],"collection":[{"href":"https:\/\/athenaeum.unipv.it\/index.php\/wp-json\/wp\/v2\/pages"}],"about":[{"href":"https:\/\/athenaeum.unipv.it\/index.php\/wp-json\/wp\/v2\/types\/page"}],"author":[{"embeddable":true,"href":"https:\/\/athenaeum.unipv.it\/index.php\/wp-json\/wp\/v2\/users\/1"}],"replies":[{"embeddable":true,"href":"https:\/\/athenaeum.unipv.it\/index.php\/wp-json\/wp\/v2\/comments?post=317"}],"version-history":[{"count":17,"href":"https:\/\/athenaeum.unipv.it\/index.php\/wp-json\/wp\/v2\/pages\/317\/revisions"}],"predecessor-version":[{"id":1386,"href":"https:\/\/athenaeum.unipv.it\/index.php\/wp-json\/wp\/v2\/pages\/317\/revisions\/1386"}],"wp:attachment":[{"href":"https:\/\/athenaeum.unipv.it\/index.php\/wp-json\/wp\/v2\/media?parent=317"}],"curies":[{"name":"wp","href":"https:\/\/api.w.org\/{rel}","templated":true}]}}