{"id":325,"date":"2020-10-22T06:09:59","date_gmt":"2020-10-22T06:09:59","guid":{"rendered":"http:\/\/webnixinfotech.com\/?page_id=325"},"modified":"2021-09-05T11:01:46","modified_gmt":"2021-09-05T11:01:46","slug":"ath46-2014","status":"publish","type":"page","link":"https:\/\/athenaeum.unipv.it\/index.php\/ath46-2014\/","title":{"rendered":"ATH46-2014"},"content":{"rendered":"<div id=\"pl-325\"  class=\"panel-layout\" ><div id=\"pg-325-0\"  class=\"panel-grid panel-no-style\" ><div id=\"pgc-325-0-0\"  class=\"panel-grid-cell\" ><div id=\"panel-325-0-0-0\" class=\"so-panel widget widget_sow-editor panel-first-child panel-last-child\" data-index=\"0\" ><div id=\"none-break\" class=\"panel-widget-style panel-widget-style-for-325-0-0-0\" ><div\n\t\t\t\n\t\t\tclass=\"so-widget-sow-editor so-widget-sow-editor-base\"\n\t\t\t\n\t\t>\n<div class=\"siteorigin-widget-tinymce textwidget\">\n\t<div class=\"WordSection1\">\n<p style=\"margin-bottom: 0px;\" align=\"center\"><span style=\"font-size: large;\"><b>Athenaeum<br \/>\n<\/b><\/span><\/p>\n<p style=\"margin-bottom: 0px;\" align=\"center\"><b>Indice dell\u2019annata 102<\/b><\/p>\n<p style=\"margin-bottom: 0px;\" align=\"center\"><b>2014<\/b><\/p>\n<div align=\"center\">\n<table border=\"0\" width=\"75%\" cellpadding=\"0\">\n<tbody>\n<tr>\n<td width=\"15%\"><a href=\"#Anchor-Fascicol-13312\"><b>Fascicolo 1<\/b><\/a><\/td>\n<td width=\"35%\">\n<div align=\"center\">\n<p>&nbsp;<\/p>\n<table border=\"0\" cellpadding=\"0\">\n<tbody>\n<tr>\n<td><a href=\"#Anchor-Articol-21800\"><b>Articoli<\/b><\/a><\/td>\n<\/tr>\n<tr>\n<td><a href=\"#Anchor-Not-35433\"><b>Note e discussioni<\/b><\/a><\/td>\n<\/tr>\n<tr>\n<td><a href=\"#Anchor-Recension-49687\"><b>Recensioni<\/b><\/a><\/td>\n<\/tr>\n<tr>\n<td><a href=\"#Anchor-Notizi-63154\"><b>Notizie di pubblicazione<\/b><\/a><\/td>\n<\/tr>\n<\/tbody>\n<\/table>\n<p>&nbsp;<\/p>\n<\/div>\n<\/td>\n<td width=\"15%\"><a href=\"#Anchor-Fascicol-10032\"><b>Fascicolo 2<\/b><\/a><\/td>\n<td width=\"35%\">\n<table border=\"0\" cellpadding=\"0\">\n<tbody>\n<tr>\n<td><a href=\"#Anchor-Articol-24888\"><b>Articoli<\/b><\/a><\/td>\n<\/tr>\n<tr>\n<td><a href=\"#Anchor-Not-38131\"><b>Note e discussioni<\/b><\/a><\/td>\n<\/tr>\n<tr>\n<td><a href=\"#Anchor-Recension-50456\"><b>Recensioni<\/b><\/a><\/td>\n<\/tr>\n<tr>\n<td><a href=\"#Anchor-Notizi-64396\"><b>Notizie di pubblicazione<\/b><\/a><\/td>\n<\/tr>\n<\/tbody>\n<\/table>\n<\/td>\n<\/tr>\n<\/tbody>\n<\/table>\n<p><a style=\"font-family: inherit; font-size: inherit;\" name=\"Anchor-Fascicol-13312\"><\/a><\/p>\n<\/div>\n<p style=\"text-align: center;\"><b><i><\/i><\/b><b><i>Fascicolo 1<\/i><\/b><\/p>\n<div align=\"center\">\n<p><b><i>(pubblicazione: maggio 2014)<a name=\"Anchor-Articol-21800\"><\/a><\/i><\/b><\/p>\n<\/div>\n<h3 style=\"margin-left: 18pt; text-indent: -18pt; text-align: left;\"><span style=\"font-size: 12.0pt;\">Articoli<\/span><\/h3>\n<p class=\"MsoNormal\" style=\"margin-left: 18.0pt; text-indent: -18.0pt;\"><span lang=\"EN-GB\">M. <span style=\"font-variant: small-caps;\">Vald\u00e9s Gu\u00eda<\/span>, <i>Thetes y hect\u00e9moros en<br \/>\nla Atenas presoloniana<\/i><\/span><\/p>\n<p class=\"MsoNormal\" style=\"margin-left: 18.0pt; text-indent: -18.0pt;\"><span lang=\"EN-GB\">M. <span style=\"font-variant: small-caps;\">Charles<\/span>, <i>Elephants<br \/>\nat Rome. Provenance, Use and Fate <\/i><\/span><\/p>\n<p class=\"MsoNormal\" style=\"margin-left: 18.0pt; text-indent: -18.0pt;\"><span lang=\"EN-GB\">S. <span style=\"font-variant: small-caps;\">Rocca<\/span>, <i>The Late<br \/>\nRoman Republic and Hasmonean Judaea<\/i><\/span><\/p>\n<p class=\"MsoNormal\" style=\"margin-left: 18.0pt; text-indent: -18.0pt;\">A. <span style=\"font-variant: small-caps;\">Bonandini<\/span>, Inaudita parte altera. <i>Il<br \/>\ngiudizio in assenza dell'imputato da prassi giuridica a strumento retorico<\/i><\/p>\n<p class=\"MsoNormal\" style=\"margin-left: 18.0pt; text-indent: -18.0pt;\"><span lang=\"EN-GB\">W.J. <span style=\"font-variant: small-caps;\">Tatum<\/span>, <i>Antiquarianism<br \/>\nand Its Uses. Plutarch\u2019s <\/i>Roman Questions<i> and His <\/i>Lives<i> of Early<br \/>\nRomans<\/i><\/span><\/p>\n<p class=\"MsoNormal\" style=\"margin-left: 18.0pt; text-indent: -18.0pt;\"><span lang=\"EN-GB\">D. <span style=\"font-variant: small-caps;\">\u00c1lvarez P\u00e9rez-Sostoa<\/span>,<br \/>\nHomeroi<\/span> <i><span lang=\"EN-GB\">y <\/span><\/i><span lang=\"EN-GB\">obsides<i> en los autores cl\u00e1sicos<\/i><\/span><\/p>\n<p class=\"MsoNormal\" style=\"margin-left: 18.0pt; text-indent: -18.0pt;\">M. <span style=\"font-variant: small-caps;\">Requena Jim\u00e9nez<\/span>, Caligo ac tenebra in<br \/>\ncirco <i>(SHA.<\/i> Comm. <i>16.2)<\/i><\/p>\n<p class=\"MsoNormal\" style=\"margin-left: 18.0pt; text-indent: -18.0pt;\">R. <span style=\"font-variant: small-caps;\">Fern\u00e1ndez Garrido<\/span>, <i>Las m\u00e1ximas (<\/i>gnomai<i>)<br \/>\nen <\/i>Eti\u00f3picas<i> de Heliodoro como instrumento de caracterizaci\u00f3n de<br \/>\npersonajes<\/i><\/p>\n<p class=\"MsoNormal\" style=\"margin-left: 18.0pt; text-indent: -18.0pt;\">S. <span style=\"font-variant: small-caps;\">Briguglio<\/span>, <i>Mutter Courage e sua<br \/>\nfiglia. Cerere e Proserpina nel <\/i>De raptu Proserpinae<i> di Claudiano<\/i><\/p>\n<p class=\"MsoNormal\" style=\"margin-left: 18.0pt; text-indent: -18.0pt;\"><span lang=\"EN-GB\">C. <span style=\"font-variant: small-caps;\">Saliou<\/span>, <i>Conflits<br \/>\nde voisinage et droit de la construction dans l\u2019Antiquit\u00e9 tardive. <\/i><\/span><i>\u00c0<br \/>\npropos de deux lettres de Procope de Gaza (<\/i>epp.<i> 14 et 137<br \/>\nGarzya-Loenertz)<a name=\"Anchor-Not-35433\"><\/a><\/i><\/p>\n<p>&nbsp;<\/p>\n<h3 style=\"margin-left: 18.0pt; text-indent: -18.0pt;\"><span style=\"font-size: 12.0pt;\">Note e Discussioni<\/span><\/h3>\n<p class=\"MsoNormal\" style=\"margin-left: 18.0pt; text-indent: -18.0pt;\"><span lang=\"EN-GB\">J. <span style=\"font-variant: small-caps;\">Davidson<\/span>, <i>Another<br \/>\nLink between Sophocles and Homer? A Speculative Note<\/i><\/span><\/p>\n<p class=\"MsoNormal\" style=\"margin-left: 18.0pt; text-indent: -18.0pt;\">C. <span style=\"font-variant: small-caps;\">Venturini<\/span>, <i>Tra storia, storiografia e<br \/>\ndiritto. A proposito di J.-L. Ferrary, <\/i>Recherches sur les lois comitiales<br \/>\net sur le droit public romain<\/p>\n<p class=\"MsoNormal\" style=\"margin-left: 18.0pt; text-indent: -18.0pt;\">D. <span style=\"font-variant: small-caps;\">Kremer<\/span>, <i>A propos d'une tentative r\u00e9cente<br \/>\nde d\u00e9construction des privil\u00e8ges latins et en particulier du <\/i>ius migrandi<\/p>\n<p class=\"MsoNormal\" style=\"margin-left: 18.0pt; text-indent: -18.0pt;\">E. <span style=\"font-variant: small-caps;\">Merli<\/span>, <i>Un'idea di Marziale. A<br \/>\nproposito di un recente commento al V libro degli epigrammi<a name=\"Anchor-Recension-49687\"><\/a><\/i><\/p>\n<p>&nbsp;<\/p>\n<h3 style=\"margin-left: 18.0pt; text-indent: -18.0pt;\"><span style=\"font-size: 12.0pt;\">Recensioni<\/span><\/h3>\n<p class=\"MsoNormal\" style=\"margin-left: 18.0pt; text-indent: -18.0pt;\"><span lang=\"FR\" style=\"font-variant: small-caps;\">N. Barrandon - F.<\/span><span lang=\"FR\"> <span style=\"font-variant: small-caps;\">Kirbihler <\/span>(sous la dir. de), <i>Administrer<br \/>\nles provinces de la R\u00e9publique romaine <\/i>(J. Richardson)<\/span><\/p>\n<p class=\"MsoNormal\" style=\"margin-left: 18.0pt; text-indent: -18.0pt;\"><span style=\"font-variant: small-caps;\">M. Bonazzi<\/span>, <i>I sofisti <\/i>(M.C. De Vita)<\/p>\n<p class=\"MsoNormal\" style=\"margin-left: 18.0pt; text-indent: -18.0pt;\"><span style=\"font-variant: small-caps;\">P. Buongiorno<\/span>, Senatus consulta<br \/>\nClaudianis temporibus facta. <i>Una palingenesi delle deliberazioni senatorie<br \/>\ndell\u2019et\u00e0 di Claudio (41-54 d.C.) <\/i>(L. Peppe)<\/p>\n<p class=\"MsoNormal\" style=\"margin-left: 18.0pt; text-indent: -18.0pt;\">R. <span style=\"font-variant: small-caps;\">Carande Herrero<\/span> - D. <span style=\"font-variant: small-caps;\">L\u00f3pez-Ca\u00f1ete Quiles<\/span> (eds.), Pro tantis<br \/>\nredditur. <i>Homenaje a Juan Gil en Sevilla <\/i>(D. Paniagua)<\/p>\n<p class=\"MsoNormal\" style=\"margin-left: 18.0pt; text-indent: -18.0pt;\"><span style=\"font-variant: small-caps;\">A. Cavarzere<\/span>, <i>Gli arcani<br \/>\ndell\u2019oratore. Alcuni appunti sull\u2019<\/i>actio <i>dei Romani<\/i> (G. Mazzoli)<\/p>\n<p class=\"MsoNormal\" style=\"margin-left: 18.0pt; text-indent: -18.0pt;\"><span style=\"font-variant: small-caps;\">G. Cicala<\/span>, Instrumentum domesticum inscriptum<i><br \/>\nproveniente da Asculum e dal suo territorio <\/i>(P. Tomasi)<\/p>\n<p class=\"MsoNormal\" style=\"margin-left: 18.0pt; text-indent: -18.0pt;\"><span lang=\"DE\" style=\"font-variant: small-caps;\">W. Dahlheim<\/span><span lang=\"DE\">, <i>Augustus.<br \/>\nAufr\u00fchrer Herrscher Heiland. Eine Biographie <\/i>(C. Letta)<\/span><\/p>\n<p class=\"MsoNormal\" style=\"margin-left: 18.0pt; text-indent: -18.0pt;\"><span style=\"font-variant: small-caps;\">F. de Angelis<\/span> (ed.), <i>Spaces of<br \/>\nJustice in the Roman World <\/i>(J.-M. David)<\/p>\n<p class=\"MsoNormal\" style=\"margin-left: 18.0pt; text-indent: -18.0pt;\"><span lang=\"FR\" style=\"font-variant: small-caps;\">S. Gu\u00e9don<\/span><span lang=\"FR\">, <i>Le<br \/>\nvoyage dans l\u2019Afrique romaine <\/i>(C. Vismara)<\/span><\/p>\n<p class=\"MsoNormal\" style=\"margin-left: 18.0pt; text-indent: -18.0pt;\"><span style=\"font-variant: small-caps;\">H. Heinen<\/span> (Hg.), <i>Antike Sklaverei:<br \/>\nR\u00fcckblick und Ausblick<\/i> (F. Reduzzi Merola)<\/p>\n<p class=\"MsoNormal\" style=\"margin-left: 18.0pt; text-indent: -18.0pt;\"><span lang=\"EN-US\">K.-J. <span style=\"font-variant: small-caps;\">H\u00f6lkeskamp<\/span>, <i>Reconstructing<br \/>\nthe Roman Republic. An Ancient Political Culture and Modern Research <\/i>(F.<br \/>\nCavaggioni)<\/span><\/p>\n<p class=\"MsoNormal\" style=\"margin-left: 18.0pt; text-indent: -18.0pt;\"><span style=\"font-variant: small-caps;\">A. Magnetto - D. Erdas - C. Carusi<\/span><span style=\"color: black;\">, <i>Nuove ricerche sulla legge granaria ateniese del 374\/3<br \/>\na.C.<\/i> (A. Banfi)<\/span><\/p>\n<p class=\"MsoNormal\" style=\"margin-left: 18.0pt; text-indent: -18.0pt;\"><span style=\"font-variant: small-caps;\">L. Marrucci<\/span>, <i>Kratos e arche: funzioni<br \/>\ndrammatiche del potere <\/i>(F. Massa)<\/p>\n<p class=\"MsoNormal\" style=\"margin-left: 18.0pt; text-indent: -18.0pt;\"><span style=\"font-variant: small-caps;\">G. Massimilla<\/span> (ed.): Callimaco, <i>Aitia<\/i>,<br \/>\nLibro terzo e quarto (S.G. Caneva)<\/p>\n<p class=\"MsoNormal\" style=\"margin-left: 18.0pt; text-indent: -18.0pt;\"><span style=\"font-variant: small-caps;\">P.F. Mittag<\/span>, <i>R\u00f6mische Medaillons.<br \/>\nCaesar bis Hadrian <\/i>(A. Susp\u00e8ne)<\/p>\n<p class=\"MsoNormal\" style=\"margin-left: 18.0pt; text-indent: -18.0pt;\"><span style=\"font-variant: small-caps;\">C. Moussy<\/span>, <i>La polys\u00e9mie en latin <\/i>(R.<br \/>\nMarino)<\/p>\n<p class=\"MsoNormal\" style=\"margin-left: 18.0pt; text-indent: -18.0pt;\"><span style=\"font-variant: small-caps;\">O. Pecere<\/span>, <i>Roma antica e il testo.<br \/>\nScritture d\u2019autore e composizione letteraria <\/i>(A. Cavarzere)<\/p>\n<p class=\"MsoNormal\" style=\"margin-left: 18.0pt; text-indent: -18.0pt;\"><span lang=\"EN-US\" style=\"font-variant: small-caps;\">W. Polleichtner<\/span><span lang=\"EN-US\"> (a c. di), <i>Livy and Intertextuality <\/i>(V. Fabrizi)<\/span><\/p>\n<p class=\"MsoNormal\" style=\"margin-left: 18.0pt; text-indent: -18.0pt;\"><span lang=\"EN-US\" style=\"font-size: 12.0pt; font-weight: normal;\">M.A. <span style=\"font-variant: small-caps;\">Robb<\/span>, <i>Beyond <\/i>Populares<i> and <\/i>Optimates<i>.<br \/>\nPolitical Language in the Late Republic <\/i>(F. Cavaggioni)<\/span><\/p>\n<p class=\"MsoNormal\" style=\"margin-left: 18.0pt; text-indent: -18.0pt;\"><span style=\"font-size: 12.0pt; font-variant: small-caps; font-weight: normal;\">D.<\/span><span style=\"font-size: 12.0pt; font-weight: normal;\"> R<span style=\"font-variant: small-caps;\">ousset<\/span>,<br \/>\n<i>De Lycie en Cabalide. La convention entre les Lyciens et Termessos pr\u00e8s<br \/>\nd\u2019Oinoanda <\/i>(A. Raggi)<\/span><\/p>\n<p class=\"MsoNormal\" style=\"margin-left: 18.0pt; text-indent: -18.0pt;\"><span style=\"font-variant: small-caps;\">V.M. Soleti<\/span>, <i>La scultura ideale<br \/>\nromana nella <\/i>Regio Secunda <i><span style=\"color: black;\">(<\/span><\/i><span style=\"color: black;\">Apulia et Calabria<i>) <\/i>(S. Rambaldi)<\/span><\/p>\n<p class=\"MsoNormal\" style=\"margin-left: 18.0pt; text-indent: -18.0pt;\">M. <span style=\"font-variant: small-caps;\">Tamiolaki<\/span>, <i>Libert\u00e9 et esclavage chez<br \/>\nles historiens grecs classiques<\/i> (R. Osborne)<\/p>\n<p class=\"MsoNormal\" style=\"margin-left: 18.0pt; text-indent: -18.0pt;\">A. <span style=\"font-variant: small-caps;\">Umbrico<\/span>, <i>Terenzio e i suoi <\/i>nobiles<i>.<br \/>\nInvenzione e realt\u00e0 di un controverso legame<\/i> (A. Russo)<\/p>\n<p class=\"MsoNormal\" style=\"margin-left: 18.0pt; text-indent: -18.0pt;\"><span style=\"font-variant: small-caps;\">L. van Hoof<\/span>, <i>Plutarch's Practical<br \/>\nEthics. The Social Dynamics of Philosophy<\/i><span style=\"color: black;\"> (F.<br \/>\nFerrari)<\/span><\/p>\n<p class=\"MsoNormal\" style=\"margin-left: 18.0pt; text-indent: -18.0pt;\"><span lang=\"DE\" style=\"font-variant: small-caps;\">H. Wirth<\/span><span lang=\"DE\">, <i>Die<br \/>\nlinke Hand: Wahrnehmung und Bewertung in der griechischen und r\u00f6mischen Antike<\/i><\/span><span style=\"font-variant: small-caps;\"> (<\/span>C. Santi<span style=\"font-variant: small-caps;\">)<a name=\"Anchor-Notizi-63154\"><\/a><\/span><\/p>\n<p>&nbsp;<\/p>\n<h3 style=\"margin-left: 18.0pt; text-indent: -18.0pt;\"><span style=\"font-size: 12.0pt;\">Notizie di Pubblicazioni<\/span><\/h3>\n<p class=\"MsoNormal\" style=\"margin-left: 18.0pt; text-indent: -18.0pt;\"><span style=\"font-variant: small-caps;\">M.G. Angeli Bertinelli - A. Donati<\/span><br \/>\n(ed.), <i>Citt\u00e0 e territorio: la Liguria e il mondo antico <\/i>(F. Santangelo)<\/p>\n<p class=\"MsoNormal\" style=\"margin-left: 18.0pt; text-indent: -18.0pt;\"><span style=\"font-variant: small-caps;\">P. Arena<\/span>, <i>Feste e rituali a Roma. Il<br \/>\nprincipe incontra il popolo nel Circo Massimo <\/i>(G. Martina)<\/p>\n<p class=\"MsoNormal\" style=\"margin-left: 18.0pt; text-indent: -18.0pt;\"><span style=\"font-variant: small-caps;\">P. Frassinetti, <i>P<\/i><\/span><i>agine sull\u2019<\/i>Octavia.<br \/>\n<i>Bibliografia dell\u2019autore<\/i> (G. Mazzoli)<\/p>\n<p class=\"MsoNormal\" style=\"margin-left: 18.0pt; text-indent: -18.0pt;\"><span lang=\"EN-US\" style=\"font-variant: small-caps;\">B. Linke - M. Meier - M. Strothmann<\/span><span lang=\"EN-US\"> (Hg.), <i>Zwischen Monarchie und Republik. Gesellschaftliche<br \/>\nStabilisierungsleistungen und politische Transformationspotentiale in den<br \/>\nantiken Stadtstaaten <\/i>(L. Fezzi)<\/span><\/p>\n<p class=\"MsoNormal\" style=\"margin-left: 18.0pt; text-indent: -18.0pt;\"><span style=\"font-variant: small-caps;\">S. Manferlotti - M. Squillante<\/span> (a c.<br \/>\ndi), <i>Ebraismo e Letteratura<\/i> (G. Galeani)<\/p>\n<p class=\"MsoNormal\" style=\"margin-left: 18.0pt; text-indent: -18.0pt;\"><span style=\"font-variant: small-caps;\">E.<span lang=\"EN-US\"> Ruschenbusch<\/span><\/span><span lang=\"EN-US\">, <i>Solon: Das Gesetzeswerk-Fragmente. \u00dcbersetzung und Kommentar <\/i>(A.<br \/>\nBanfi)<\/span><\/p>\n<p class=\"MsoNormal\" style=\"margin-left: 18.0pt; text-indent: -18.0pt;\"><span style=\"font-variant: small-caps;\">B. Seidensticker<\/span>, <i>Das antike Theater <\/i>(A.<br \/>\nBeltrametti)<\/p>\n<p class=\"MsoNormal\" style=\"margin-left: 18.0pt; text-indent: -18.0pt;\">R. <span style=\"font-variant: small-caps;\">Wiegels<\/span>, <i>Kleine Schriften zur<br \/>\nEpigraphik und Milit\u00e4rgeschichte der germanischen Provinzen<\/i> (C. Wolff)<\/p>\n<p class=\"MsoNormal\" style=\"margin-left: 18.0pt; text-indent: -18.0pt;\"><span style=\"font-variant: small-caps;\">R. Marini<\/span>, <i>Cronaca dei Lavori del<br \/>\nCollegio di Diritto Romano 2013. \u00abDiritto romano e economia. Due modi di<br \/>\npensare e organizzare il mondo (nei primi tre secoli dell\u2019Impero)\u00bb<a name=\"Anchor-Fascicol-10032\"><\/a><\/i><\/p>\n<p>&nbsp;<\/p>\n<p style=\"text-align: center;\"><b><i>Fascicolo 2<\/i><\/b><\/p>\n<div align=\"center\">\n<p><b><i>(pubblicazione: ottobre 2014)<\/i><\/b><\/p>\n<\/div>\n<p align=\"center\"><b><i><span style=\"font-size: 11.0pt;\"><a name=\"Anchor-Articol-24888\"><\/a><\/span><\/i><\/b><\/p>\n<p>&nbsp;<\/p>\n<h3 style=\"margin-left: 18pt; text-indent: -18pt; text-align: left;\"><span style=\"font-size: 12.0pt;\">Articoli<\/span><\/h3>\n<p class=\"MsoNormal\" style=\"margin-left: 27.0pt; text-indent: -27.0pt;\">S. <span style=\"font-variant: small-caps;\">Ferrarini<\/span>, <i>Simonide, Leonida e la<br \/>\n\u2018memoria degli avi\u2019. Sull\u2019occasione e il destinatario di Simon. <\/i>PMG<i> 531<\/i><\/p>\n<p class=\"MsoNormal\" style=\"margin-left: 27.0pt; text-indent: -27.0pt;\"><span lang=\"EN-GB\" style=\"mso-ansi-language: EN-GB;\">E. <span style=\"font-variant: small-caps;\">Papadodima<\/span>,<br \/>\n<i>Sortition and Heroic\/Moral Values in Greek Tragedy. The Case of Sophocles\u2019 <\/i>Ajax<i><br \/>\nand Euripides\u2019 <\/i>Children of Heracles<\/span><\/p>\n<p class=\"MsoNormal\" style=\"margin-left: 27.0pt; text-indent: -27.0pt;\">A. <span style=\"font-variant: small-caps;\">Coppola<\/span>, <i>Erodoto, la fine delle <\/i>Storie<i>.<br \/>\n<\/i>Ponos<i> e <\/i>arch\u00e9<\/p>\n<p class=\"MsoNormal\" style=\"margin-left: 27.0pt; text-indent: -27.0pt;\"><span lang=\"EN-GB\" style=\"mso-ansi-language: EN-GB;\">M. <span style=\"font-variant: small-caps;\">Ben<br \/>\nZeev<\/span>, <i>Roman Law and the Jews. 139-59 BCE<\/i><\/span><\/p>\n<p class=\"MsoNormal\" style=\"margin-left: 27.0pt; text-indent: -27.0pt;\">E. <span style=\"font-variant: small-caps;\">Mu\u00f1iz Grijalvo<\/span>, <i>\u2018Greek Religion\u2019 in<br \/>\nStrabo<\/i><\/p>\n<p class=\"MsoNormal\" style=\"margin-left: 27.0pt; text-indent: -27.0pt;\"><span lang=\"EN-GB\" style=\"mso-ansi-language: EN-GB;\">R.T. <span style=\"font-variant: small-caps;\">Ridley<\/span>,<br \/>\n<i>Livy the Critical Historian<\/i><\/span><\/p>\n<p class=\"MsoNormal\" style=\"margin-left: 27.0pt; text-indent: -27.0pt;\">A. <span style=\"font-variant: small-caps;\">Borgna<\/span>, <i>Il <\/i>De animalibus<i> e la<br \/>\nleggenda delle origini in Pompeo Trogo (Iust. 43.2)<\/i><\/p>\n<p class=\"MsoNormal\" style=\"margin-left: 27.0pt; text-indent: -27.0pt;\">B. <span style=\"font-variant: small-caps;\">Del Giovane<\/span>, <i>Retorica, immaginazione<br \/>\ne autopsia. Seneca e il caso della colpevole <\/i>luxuria<i> (<\/i>epist.<i><br \/>\n110.14 e <\/i>benef.<i> 7.10.2)<\/i><\/p>\n<p class=\"MsoNormal\" style=\"margin-left: 27.0pt; text-align: justify; text-indent: -27.0pt;\">R. <span style=\"font-variant: small-caps;\">Ricceri<\/span>, Pheuge<br \/>\ntachista. <i>Struttura e motivi dei <\/i>Carmi kata tou ponerou <i>di Gregorio<br \/>\ndi Nazianzo (2.1.54-60)<a name=\"Anchor-Not-38131\"><\/a><\/i><\/p>\n<p>&nbsp;<\/p>\n<h3 style=\"margin-left: 1.0cm; text-indent: -1.0cm;\"><span style=\"font-size: 12.0pt;\">Note e Discussioni<\/span><\/h3>\n<p class=\"MsoNormal\" style=\"text-align: justify;\"><span lang=\"ES-CL\" style=\"mso-ansi-language: ES-CL;\">A. <span style=\"font-variant: small-caps;\">Bancalari<br \/>\nMolina<\/span><\/span>, <i><span lang=\"ES-CL\" style=\"mso-ansi-language: ES-CL;\">Emilio<br \/>\nGabba y su relaci\u00f3n con Chile. Un recuerdo personal<\/span><\/i><\/p>\n<p class=\"MsoNormal\">A. <span style=\"font-variant: small-caps;\">Favuzzi<\/span>, <i>Ancora<br \/>\nsul frammento 82 Jacoby di Nicolao di Damasco<\/i><\/p>\n<p class=\"MsoNormal\" style=\"margin-left: 27.0pt; text-indent: -27.0pt;\"><span lang=\"EN-GB\" style=\"mso-ansi-language: EN-GB;\">G. <span style=\"font-variant: small-caps;\">Mazzoli<\/span>,<br \/>\n<i>Sulla struttura e strategia didattica del <\/i>De beneficiis<i> di Seneca (in<br \/>\nmargine al recente libro di Miriam T. Griffin)<\/i><\/span><\/p>\n<p class=\"MsoNormal\"><span lang=\"EN-GB\" style=\"mso-ansi-language: EN-GB;\">T. <span style=\"font-variant: small-caps;\">Power<\/span>, <i>Calvus\u2019 Poetry in Suetonius<br \/>\nand Pliny, <\/i>Letters<i> 5.3<\/i><\/span><\/p>\n<p class=\"MsoNormal\">P. <span style=\"font-variant: small-caps;\">Paolucci<\/span>, <i>Rileggendo<br \/>\nil centone virgiliano cristiano<\/i> Versus ad gratiam Domini<\/p>\n<p class=\"MsoNormal\">C. <span style=\"font-variant: small-caps;\">Letta<\/span>, <i>Un<br \/>\nnuovo <\/i>corpus<i> delle iscrizioni italiche<\/i><\/p>\n<p class=\"MsoNormal\" style=\"margin-left: 27.0pt; text-indent: -27.0pt;\">L. <span style=\"font-variant: small-caps;\">d'Alfonso<\/span> - M.E. <span style=\"font-variant: small-caps;\">Gorrini<\/span> - C. <span style=\"font-variant: small-caps;\">Mora<\/span>,<br \/>\n<i>Archaeological Excavations at Kinik H\u00f6y\u00fck. Preliminary Report of the Third<br \/>\nCampaign (2013)<a name=\"Anchor-Recension-50456\"><\/a><\/i><\/p>\n<p>&nbsp;<\/p>\n<h3 style=\"margin-left: 1.0cm; text-indent: -1.0cm;\"><span style=\"font-size: 12.0pt;\">Recensioni<\/span><\/h3>\n<p class=\"MsoNormal\" style=\"margin-left: 1.0cm; text-indent: -1.0cm;\"><span style=\"font-variant: small-caps;\">E. Amato<\/span> (a c. di), <i>Rose di Gaza. Gli<br \/>\nscritti retorico-sofistici e le <\/i>Epistole<i> di Procopio di Gaza <\/i>(E.<br \/>\nCorti)<\/p>\n<p class=\"MsoNormal\" style=\"margin-left: 1.0cm; text-indent: -1.0cm;\"><span style=\"font-variant: small-caps;\">C. Antonetti - S. De Vido<\/span> (a c. di), <i>Temi<br \/>\nSelinuntini<\/i> (E. Gagliano)<\/p>\n<p class=\"MsoNormal\" style=\"margin-left: 1.0cm; text-indent: -1.0cm;\">V. <span style=\"font-variant: small-caps;\">Azoulay<\/span> - P. <span style=\"font-variant: small-caps;\">Ismard<\/span> (\u00e9ds.), <i>Clisth\u00e8ne et Lycurgue d'Ath\u00e8nes. Autour du<br \/>\npolitique dans la cit\u00e9 classique <\/i>(Ch. Feyel)<u><\/u><\/p>\n<p class=\"MsoNormal\" style=\"margin-left: 1.0cm; text-align: justify; text-indent: -1.0cm;\"><span style=\"font-variant: small-caps;\">R. Bargnesi - R. Scuderi<\/span><br \/>\n(a c. di), <i>Il paesaggio e l\u2019esperienza. Scritti di antichit\u00e0 offerti a<br \/>\nPierluigi Tozzi in occasione del suo 75\u00b0 compleanno <\/i>(G. Cresci Marrone)<\/p>\n<p class=\"MsoNormal\" style=\"margin-left: 1.0cm; text-indent: -1.0cm;\"><span lang=\"EN-GB\" style=\"font-variant: small-caps; mso-ansi-language: EN-GB;\">T. Barnes<\/span><span lang=\"EN-GB\" style=\"mso-ansi-language: EN-GB;\">, <i>Constantine. Dynasty, Religion<br \/>\nand Power in the Later Roman Empire<\/i> (A. Marcone)<u><\/u><\/span><\/p>\n<p class=\"MsoNormal\" style=\"margin-left: 1.0cm; text-indent: -1.0cm;\"><span lang=\"EN-GB\" style=\"font-variant: small-caps; mso-ansi-language: EN-GB;\">T. B\u00e9natou\u00efl<br \/>\n- E. Maffi - F. Trabattoni<\/span><span lang=\"EN-GB\" style=\"mso-ansi-language: EN-GB;\"> (eds.), <i>Plato, Aristotle, or Both? Dialogues between Platonism and<br \/>\nAristotelianism in Antiquity <\/i>(M.C. De Vita)<\/span><\/p>\n<p class=\"MsoNormal\" style=\"margin-left: 1.0cm; text-indent: -1.0cm;\"><span style=\"font-variant: small-caps;\">A. Bonadeo - A. Canobbio - F. Gasti<\/span> (a<br \/>\nc. di), <i>Filellenismo e identit\u00e0 romana in et\u00e0 flavia <\/i>(S. Mattiacci)<\/p>\n<p class=\"MsoNormal\" style=\"margin-left: 1.0cm; text-indent: -1.0cm;\"><span style=\"font-variant: small-caps;\">A. Camerotto - R. Drusi <\/span>(a c. di), <i>Il<br \/>\nnemico necessario. Duelli al sole e duelli in ombra tra le parole e il sangue<\/i><span lang=\"EN-GB\" style=\"mso-ansi-language: EN-GB;\"> (S. Ferrarini)<\/span><\/p>\n<p class=\"MsoNormal\" style=\"margin-left: 1.0cm; text-indent: -1.0cm;\"><span style=\"font-variant: small-caps;\">R. Carande Herrero - D. L\u00f3pez-Ca\u00f1ete Quiles<\/span><br \/>\n(eds.), Pro tantis redditur. <i>Homenaje a Juan Gil en Sevilla<\/i> (D.<br \/>\nPaniagua)<\/p>\n<p class=\"MsoNormal\" style=\"margin-left: 1.0cm; text-indent: -1.0cm;\"><span style=\"font-variant: small-caps;\">P. Desideri - M.A. Giua<\/span> (a c. di), <i>Emilio<br \/>\nGabba fra storia e storiografia sul mondo antico<\/i> (L. Troiani)<\/p>\n<p class=\"MsoNormal\" style=\"margin-left: 1.0cm; text-indent: -1.0cm;\"><span style=\"font-variant: small-caps;\">A. de Vivo<\/span>, <i>Frammenti di discorsi<br \/>\novidiani<\/i> (B. Larosa)<\/p>\n<p class=\"MsoNormal\" style=\"margin-left: 1.0cm; text-indent: -1.0cm;\">G. <span style=\"font-variant: small-caps;\">Ferri<\/span>, Tutela urbis. <i>Il significato e<br \/>\nla concezione della divinit\u00e0 tutelare cittadina nella religione romana <\/i>(V.<br \/>\nFabrizi)<\/p>\n<p class=\"MsoNormal\" style=\"margin-left: 1.0cm; text-indent: -1.0cm;\"><span lang=\"FR\" style=\"font-variant: small-caps; mso-ansi-language: FR;\">G. Flamerie de Lachapelle<\/span><span lang=\"FR\" style=\"mso-ansi-language: FR;\">, <i>\u2018Clementia\u2019<\/i>.<i> Recherches sur la<br \/>\nnotion de cl\u00e9mence \u00e0 Rome, du d\u00e9but du I<sup>er<\/sup> si\u00e8cle a.C. \u00e0 la mort<br \/>\nd\u2019Auguste <\/i>(A. Pistellato)<\/span><\/p>\n<p class=\"MsoNormal\" style=\"margin-left: 1.0cm; text-indent: -1.0cm;\"><span style=\"font-variant: small-caps;\">E. Flores<\/span> (ed.): Liui Andronici<i><br \/>\nOdusia<\/i> (V. Fabrizi)<\/p>\n<p class=\"MsoNormal\" style=\"margin-left: 1.0cm; text-indent: -1.0cm;\"><span style=\"font-variant: small-caps;\">M. Formisano - H. B\u00f6hme<\/span> (eds.), <i>War<br \/>\nin Words. Transformations of War from Antiquity to Clausewitz <\/i>(G. Breccia)<\/p>\n<p class=\"MsoNormal\" style=\"margin-left: 1.0cm; text-indent: -1.0cm;\"><span lang=\"EN-GB\" style=\"mso-ansi-language: EN-GB;\">P.M. <span style=\"font-variant: small-caps;\">Fraser<\/span>,<br \/>\n<i>Greek Ethnic Terminology<\/i> (A. Ferreccio)<\/span><\/p>\n<p class=\"MsoNormal\" style=\"margin-left: 1.0cm; text-indent: -1.0cm;\"><span style=\"font-variant: small-caps;\">G. Garbini<\/span>, <i>Letteratura e politica<br \/>\nnell\u2019Israele antico <\/i>(G. Toloni)<\/p>\n<p class=\"MsoNormal\" style=\"margin-left: 1.0cm; text-indent: -1.0cm;\"><span lang=\"EN-GB\" style=\"font-variant: small-caps; color: black; mso-ansi-language: EN-GB; mso-fareast-language: EN-US;\">M. Haake - M. Jung (<\/span><span lang=\"EN-GB\" style=\"color: black; mso-ansi-language: EN-GB; mso-fareast-language: EN-US;\">eds.), <i>Griechische<br \/>\nHeiligt\u00fcmer als Erinnerungsorte. Von der Archaik bis in den Hellenismus<\/i> (J.<br \/>\nMylonopoulos)<\/span><\/p>\n<p class=\"MsoNormal\" style=\"margin-left: 1.0cm; text-indent: -1.0cm;\"><span style=\"font-variant: small-caps; mso-fareast-language: EN-GB;\">K.-J. H\u00f6lkeskamp<\/span><span style=\"mso-fareast-language: EN-GB;\">, <i>Die Entstehung der Nobilit\u00e4t: Studien<br \/>\nzur sozialen und politischen Geschichte der R\u00f6mischen Republik im 4. Jh. v.<br \/>\nChr. <\/i>(F. Santangelo)<\/span><\/p>\n<p class=\"MsoNormal\" style=\"margin-left: 1.0cm; text-indent: -1.0cm;\"><span lang=\"EN-GB\" style=\"font-variant: small-caps; mso-ansi-language: EN-GB;\">J.<br \/>\nIngleheart<\/span><span lang=\"EN-GB\" style=\"mso-ansi-language: EN-GB;\">, <i>A<br \/>\nCommentary on Ovid,<\/i> Tristia <i>Book 2 <\/i>(V. Zanoni)<\/span><\/p>\n<p class=\"MsoNormal\" style=\"margin-left: 1.0cm; text-indent: -1.0cm;\"><span style=\"font-variant: small-caps;\">U. Laffi<\/span>, <i>Il trattato fra Sardi ed<br \/>\nEfeso degli anni 90 a.C. <\/i>(A. Magnetto)<\/p>\n<p class=\"MsoNormal\" style=\"margin-left: 1.0cm; text-indent: -1.0cm;\"><span lang=\"FR\" style=\"font-variant: small-caps; mso-ansi-language: FR;\">L. Lamoine - C.<br \/>\nBerrendonner - M. C\u00e9beillac-Gervasoni<\/span><span lang=\"FR\" style=\"mso-ansi-language: FR;\"> (sous la dir. de), <i>La Praxis municipale dans l\u2019Occident romain <\/i>(A.<br \/>\nRaggi)<\/span><\/p>\n<p class=\"MsoNormal\" style=\"margin-left: 1.0cm; text-indent: -1.0cm;\"><span style=\"font-variant: small-caps;\">P. Mantovanelli<\/span> - <span style=\"font-variant: small-caps;\">F.R. Berno<\/span> (a c. di), <i>Le parole della<br \/>\npassione. Studi sul lessico poetico latino<\/i><span style=\"font-variant: small-caps;\"><br \/>\n<\/span>(A. Bonadeo)<\/p>\n<p class=\"MsoNormal\" style=\"margin-left: 1.0cm; text-indent: -1.0cm;\"><span style=\"font-variant: small-caps;\">S. Marastoni - A. Mastrocinque - B. Poletti<\/span>,<br \/>\n<i>\u2018Hereditas\u2019, \u2018adoptio\u2019<\/i> <i>e potere politico in Roma antica <\/i>(A.<br \/>\nPistellato)<\/p>\n<p class=\"MsoNormal\" style=\"margin-left: 1.0cm; text-indent: -1.0cm;\"><span style=\"font-variant: small-caps;\">E. Marroni<\/span>, <i>I culti dell\u2019Esquilino <\/i>(L.<br \/>\nMancini)<\/p>\n<p class=\"MsoNormal\" style=\"margin-left: 1.0cm; text-indent: -1.0cm;\"><span style=\"font-variant: small-caps;\">F.-H. Massa-Pairault<\/span>, <i>Pergamo e la<br \/>\nfilosofia <\/i>(F. Ferrari)<\/p>\n<p class=\"MsoNormal\" style=\"margin-left: 1.0cm; text-indent: -1.0cm;\"><span style=\"font-variant: small-caps;\">C. Moussy<\/span> (dir.), <i>Espace et temps en<br \/>\nlatin<\/i> (R. Marino)<\/p>\n<p class=\"MsoNormal\" style=\"margin-left: 1.0cm; text-indent: -1.0cm;\"><span style=\"font-variant: small-caps;\">F. Neri<\/span>,<i> Reliquie eroiche nella<br \/>\nGrecia arcaica e classica <\/i>(S.A. Brioschi)<\/p>\n<p class=\"MsoNormal\" style=\"margin-left: 1.0cm; text-indent: -1.0cm;\"><span lang=\"EN-GB\" style=\"font-variant: small-caps; mso-ansi-language: EN-GB;\">S. Ratti<\/span><span lang=\"EN-GB\" style=\"mso-ansi-language: EN-GB;\">, Antiquus<i> <\/i>error.<i> Les<br \/>\nultimes feux de la r\u00e9sistance pa\u00efenne<\/i> (F. Cannas<\/span>)<\/p>\n<p class=\"MsoNormal\" style=\"margin-left: 1.0cm; text-indent: -1.0cm;\"><span style=\"font-variant: small-caps;\">J.H. Richardson - F. Santangelo<\/span> (ed.), <i>Priests<br \/>\nand State in the Roman World<\/i> (J.-C. Lacam)<\/p>\n<p class=\"MsoNormal\" style=\"margin-left: 1.0cm; text-indent: -1.0cm;\"><span style=\"font-variant: small-caps;\">C. Roscino<\/span>, <i>Polignoto di Taso <\/i>(G.<br \/>\nLepore)<\/p>\n<p class=\"MsoNormal\" style=\"margin-left: 1.0cm; text-indent: -1.0cm;\"><span style=\"font-variant: small-caps;\">C. Salemme<\/span>, <i>Lucrezio e la formazione<br \/>\ndel mondo<\/i>. De rerum natura <i>5, 416-508 <\/i>(C.M. Calcante)<\/p>\n<p class=\"MsoNormal\" style=\"margin-left: 1.0cm; text-indent: -1.0cm;\"><span style=\"font-variant: small-caps;\">M. Taufer<\/span>, <i>Il mito di Tespesio nel <\/i>De<br \/>\nsera numinis vindicta <i>di Plutarco<\/i> (A. Per\u00f2)<\/p>\n<p class=\"MsoNormal\" style=\"margin-left: 1.0cm; text-indent: -1.0cm;\"><span style=\"font-variant: small-caps;\">B. Vancamp<\/span>, <i>Untersuchungen zur<br \/>\nhandschriftlichen \u00dcberlieferung von Platons <\/i>Menon (F. Ferrari)<\/p>\n<p class=\"MsoNormal\" style=\"margin-left: 1.0cm; text-indent: -1.0cm;\"><span lang=\"EN-US\" style=\"font-variant: small-caps; mso-ansi-language: EN-US;\">C. Wolff<\/span><span lang=\"EN-US\" style=\"mso-ansi-language: EN-US;\">, <i>D\u00e9serteurs et transfuges dans<br \/>\nl\u2019arm\u00e9e romaine \u00e0 l\u2019\u00e9poque r\u00e9publicaine<\/i> (G. Clemente)<a name=\"Anchor-Notizi-64396\"><\/a><\/span><\/p>\n<p>&nbsp;<\/p>\n<h3 style=\"margin-left: 1.0cm; text-indent: -1.0cm;\"><span style=\"font-size: 12.0pt;\">Notizie di Pubblicazioni<\/span><\/h3>\n<p class=\"MsoNormal\" style=\"margin-left: 1.0cm; text-indent: -1.0cm;\"><span style=\"font-variant: small-caps;\">R.S. Bagnall<\/span>, <i>Eine W\u00fcstenstadt. Leben<br \/>\nund Kultur in einer \u00e4gyptischen Oase im 4. Jahrhundert n.Chr.<\/i> (A. Marcone)<\/p>\n<p class=\"MsoNormal\" style=\"margin-left: 1.0cm; text-indent: -1.0cm;\"><span lang=\"EN-GB\" style=\"font-variant: small-caps; mso-ansi-language: EN-GB;\">E.T.E.<br \/>\nBarker<\/span><span lang=\"EN-GB\" style=\"mso-ansi-language: EN-GB;\">, <i>Entering the<br \/>\nAgon. Dissent and Authority in Homer, Historiography and Tragedy<\/i><\/span> (F.<br \/>\nMassa)<\/p>\n<p class=\"MsoNormal\" style=\"margin-left: 1.0cm; text-indent: -1.0cm;\"><span style=\"font-variant: small-caps;\">A. Cozzo <\/span>(a c. di), <i>Le orecchie e il<br \/>\npotere. Aspetti socioantropologici dell'ascolto nel mondo antico e nel mondo<br \/>\ncontemporaneo <\/i>(F. Cannas)<\/p>\n<p class=\"MsoNormal\" style=\"margin-left: 1.0cm; text-indent: -1.0cm;\"><span style=\"font-variant: small-caps;\">G.A.<\/span> <span lang=\"DE\" style=\"font-variant: small-caps; mso-ansi-language: DE;\">Lehmann<\/span><span lang=\"DE\" style=\"mso-ansi-language: DE;\">, <i>Forschungen zur Alten Geschichte. Kleine Schriften<\/i> (A. Marcone)<\/span><\/p>\n<p class=\"MsoNormal\" style=\"margin-left: 1.0cm; text-align: justify; text-indent: -1.0cm;\"><span style=\"font-variant: small-caps;\">P. Riedlberger<\/span>, <i>Philologischer,<br \/>\nhistorischer und liturgischer Kommentar zum 8. Buch der Johannis des Goripp<\/i><br \/>\n(L. Sannicandro)<\/p>\n<p class=\"MsoNormal\" style=\"margin-left: 1.0cm; text-indent: -1.0cm;\"><span style=\"font-variant: small-caps;\">C. Rosillo L\u00f3pez<\/span>,<i> La corruption \u00e0 la<br \/>\nfin de la R\u00e9publique romaine (II<sup>e<\/sup>-I<sup>er<\/sup> s. av. J.-C.).<br \/>\nAspects politiques et financiers <\/i>(M.F. Petraccia)<\/p>\n<p><!--\n\n\n<\/p>\n\n\n\n<p class=MsoNormal style='margin-left:18.0pt;text-indent:-18.0pt'><o:p>&nbsp;<\/o:p><\/p>\n\n\n\n\n\n\n\n\n<p class=MsoNormal style='margin-left:18.0pt;text-align:justify;text-indent: -18.0pt'>Pubblicazioni ricevute<\/p>\n\n\n\n\n\n\n\n\n<p class=MsoNormal style='margin-left:18.0pt;text-align:justify;text-indent: -18.0pt'>Elenco dei collaboratori dell'annata 2014<\/p>\n\n\n\n\n\n\n\n\n<p class=MsoNormal style='margin-left:18.0pt;text-align:justify;text-indent: -18.0pt'>Elenco dei revisori che hanno valutato gli articoli proposti ad\n\u00abAthenaeum\u00bb nel periodo 2012-2014\n\n\n\n<\/p>\n\n\n\n<p class=MsoNormal style='margin-left:18.0pt;text-align:justify;text-indent: -18.0pt'>Indice generale dell'annata<\/p>\n\n\n\n\n\n\n\n\n\n<p class=MsoNormal style='margin-left:18.0pt;text-align:justify;text-indent: -18.0pt'>Elenco delle pubblicazioni periodiche ricevute in cambio di\n\u00abAthenaeum\u00bb e distribuite fra le biblioteche del Dipartimento di Studi\nUmanistici dell'Universit\u00e0 di Pavia\n\n--><\/p>\n<\/div>\n<\/div>\n<\/div><\/div><\/div><\/div><\/div><\/div>","protected":false},"excerpt":{"rendered":"<p>Athenaeum Indice dell\u2019annata 102 2014 Fascicolo 1 &nbsp; Articoli Note e discussioni Recensioni Notizie di pubblicazione &nbsp; Fascicolo 2 Articoli Note e discussioni Recensioni Notizie di pubblicazione Fascicolo 1 (pubblicazione: maggio 2014) Articoli M. Vald\u00e9s Gu\u00eda, Thetes y hect\u00e9moros en la Atenas presoloniana M. Charles, Elephants at Rome. Provenance, Use and Fate S. Rocca, The&hellip;&nbsp;<a href=\"https:\/\/athenaeum.unipv.it\/index.php\/ath46-2014\/\" class=\"\" rel=\"bookmark\">Leggi tutto &raquo;<span class=\"screen-reader-text\">ATH46-2014<\/span><\/a><\/p>\n","protected":false},"author":1,"featured_media":0,"parent":0,"menu_order":0,"comment_status":"closed","ping_status":"closed","template":"","meta":{"neve_meta_sidebar":"full-width","neve_meta_container":"","neve_meta_enable_content_width":"on","neve_meta_content_width":100,"neve_meta_title_alignment":"","neve_meta_author_avatar":"","neve_post_elements_order":"","neve_meta_disable_header":"","neve_meta_disable_footer":"","neve_meta_disable_title":"","_themeisle_gutenberg_block_has_review":false,"_ti_tpc_template_sync":false,"_ti_tpc_template_id":""},"acf":[],"_links":{"self":[{"href":"https:\/\/athenaeum.unipv.it\/index.php\/wp-json\/wp\/v2\/pages\/325"}],"collection":[{"href":"https:\/\/athenaeum.unipv.it\/index.php\/wp-json\/wp\/v2\/pages"}],"about":[{"href":"https:\/\/athenaeum.unipv.it\/index.php\/wp-json\/wp\/v2\/types\/page"}],"author":[{"embeddable":true,"href":"https:\/\/athenaeum.unipv.it\/index.php\/wp-json\/wp\/v2\/users\/1"}],"replies":[{"embeddable":true,"href":"https:\/\/athenaeum.unipv.it\/index.php\/wp-json\/wp\/v2\/comments?post=325"}],"version-history":[{"count":16,"href":"https:\/\/athenaeum.unipv.it\/index.php\/wp-json\/wp\/v2\/pages\/325\/revisions"}],"predecessor-version":[{"id":1441,"href":"https:\/\/athenaeum.unipv.it\/index.php\/wp-json\/wp\/v2\/pages\/325\/revisions\/1441"}],"wp:attachment":[{"href":"https:\/\/athenaeum.unipv.it\/index.php\/wp-json\/wp\/v2\/media?parent=325"}],"curies":[{"name":"wp","href":"https:\/\/api.w.org\/{rel}","templated":true}]}}